{"id":35935,"date":"2020-08-27T10:26:35","date_gmt":"2020-08-27T07:26:35","guid":{"rendered":"https:\/\/www.sp.k12.tr\/?page_id=35935"},"modified":"2020-08-27T10:41:51","modified_gmt":"2020-08-27T07:41:51","slug":"voyages-et-sorties","status":"publish","type":"page","link":"https:\/\/www.sp.k12.tr\/fr\/actualites\/voyages-et-sorties\/","title":{"rendered":"Voyages et sorties"},"content":{"rendered":"<p>[vc_row el_class=\u00a0\u00bbmakaleButtons\u00a0\u00bb css=\u00a0\u00bb.vc_custom_1598510313114{margin-bottom: 40px !important;}\u00a0\u00bb][vc_column]<a itemprop=\"url\" href=\"https:\/\/www.sp.k12.tr\/fr\/actualites\" target=\"_self\"  class=\"edgtf-btn edgtf-btn-medium edgtf-btn-outline\" data-move=\"strict\" data-text=\"tous les actualit\u00e9s\" >\n    <span class=\"edgtf-btn-text\">tous les actualit\u00e9s<\/span>\n    <\/a><a itemprop=\"url\" href=\"https:\/\/www.sp.k12.tr\/fr\/actualites\/travaux-des-eleves\/\" target=\"_self\"  class=\"edgtf-btn edgtf-btn-medium edgtf-btn-outline\" data-move=\"strict\" data-text=\"travaux des \u00e9l\u00e8ves\" >\n    <span class=\"edgtf-btn-text\">travaux des \u00e9l\u00e8ves<\/span>\n    <\/a><a itemprop=\"url\" href=\"https:\/\/www.sp.k12.tr\/fr\/actualites\/rencontres\/\" target=\"_self\"  class=\"edgtf-btn edgtf-btn-medium edgtf-btn-outline\" data-move=\"strict\" data-text=\"rencontres\" >\n    <span class=\"edgtf-btn-text\">rencontres<\/span>\n    <\/a><a itemprop=\"url\" href=\"https:\/\/www.sp.k12.tr\/fr\/actualites\/general\/\" target=\"_self\"  class=\"edgtf-btn edgtf-btn-medium edgtf-btn-outline\" data-move=\"strict\" data-text=\"g\u00e9n\u00e9ral\" >\n    <span class=\"edgtf-btn-text\">g\u00e9n\u00e9ral<\/span>\n    <\/a><a itemprop=\"url\" href=\"https:\/\/www.sp.k12.tr\/fr\/actualites\/ceremonie-et-histoire\/\" target=\"_self\"  class=\"edgtf-btn edgtf-btn-medium edgtf-btn-outline\" data-move=\"strict\" data-text=\"c\u00e9r\u00e9monie et histoire\" >\n    <span class=\"edgtf-btn-text\">c\u00e9r\u00e9monie et histoire<\/span>\n    <\/a><a itemprop=\"url\" href=\"https:\/\/www.sp.k12.tr\/fr\/actualites\/art-au-lycee\/\" target=\"_self\"  class=\"edgtf-btn edgtf-btn-medium edgtf-btn-outline\" data-move=\"strict\" data-text=\"art au lyc\u00e9e\" >\n    <span class=\"edgtf-btn-text\">art au lyc\u00e9e<\/span>\n    <\/a><a itemprop=\"url\" href=\"https:\/\/www.sp.k12.tr\/fr\/actualites\/concours\/\" target=\"_self\"  class=\"edgtf-btn edgtf-btn-medium edgtf-btn-outline\" data-move=\"strict\" data-text=\"concours\" >\n    <span class=\"edgtf-btn-text\">concours<\/span>\n    <\/a><a itemprop=\"url\" href=\"https:\/\/www.sp.k12.tr\/fr\/actualites\/voyages-et-sorties\/\" target=\"_self\" style=\"color: #ffffff\" class=\"edgtf-btn edgtf-btn-medium edgtf-btn-outline activeBtn\" data-move=\"strict\" data-text=\"voyages et sorties\" >\n    <span class=\"edgtf-btn-text\">voyages et sorties<\/span>\n    <\/a><a itemprop=\"url\" href=\"https:\/\/www.sp.k12.tr\/fr\/actualites\/developpement-durable\/\" target=\"_self\"  class=\"edgtf-btn edgtf-btn-medium edgtf-btn-outline\" data-move=\"strict\" data-text=\"d\u00e9veloppement durable\" >\n    <span class=\"edgtf-btn-text\">d\u00e9veloppement durable<\/span>\n    <\/a>[\/vc_column][\/vc_row][vc_section el_class=\u00a0\u00bbhomeContainer\u00a0\u00bb css=\u00a0\u00bb.vc_custom_1598510331649{padding-top: 40px !important;}\u00a0\u00bb][vc_row el_class=\u00a0\u00bbhaberCont\u00a0\u00bb][vc_column]<div class=\"edgtf-blog-list-holder edgtf-grid-list edgtf-grid-masonry-list edgtf-bl-masonry edgtf-two-columns  edgtf-huge-space edgtf-bl-pag-load-more\"  data-type=masonry data-number-of-posts=8 data-number-of-columns=two data-space-between-items=huge data-category=voyages-et-sorties data-orderby=date data-order=DESC data-image-size=full data-title-tag=h3 data-excerpt-length=0 data-post-info-section=yes data-post-info-image=yes data-post-info-author=no data-post-info-date=no data-post-info-category=yes data-post-info-comments=no data-post-info-like=no data-post-info-share=no data-pagination-type=load-more data-max-num-pages=26 data-next-page=2>\n\t<div class=\"edgtf-bl-wrapper edgtf-outer-space\">\n\t\t<ul class=\"edgtf-blog-list edgtf-masonry-list-wrapper\">\n\t\t\t<!--<li class=\"edgtf-masonry-grid-sizer\"><\/li>\n\t\t\t<li class=\"edgtf-masonry-grid-gutter\"><\/li>-->\n\t\t\t<li class=\"edgtf-bl-item edgtf-item-space blogLister1\">\n\t<div class=\"edgtf-bli-inner\">\n\t\t\n\t<div class=\"edgtf-post-image\">\n\t\t\t\t\t<a itemprop=\"url\" href=\"https:\/\/www.sp.k12.tr\/fr\/peradan-peri-bacalarina\/\" title=\"De P\u00e9ra \u00e0 la Cappadoce\">\n\t\t\t\t\t<img fetchpriority=\"high\" decoding=\"async\" width=\"2560\" height=\"1920\" src=\"https:\/\/www.sp.k12.tr\/wp-content\/uploads\/2026\/04\/20260330_152824-2-scaled.jpg\" class=\"attachment-full size-full wp-post-image\" alt=\"\" srcset=\"https:\/\/www.sp.k12.tr\/wp-content\/uploads\/2026\/04\/20260330_152824-2-scaled.jpg 2560w, https:\/\/www.sp.k12.tr\/wp-content\/uploads\/2026\/04\/20260330_152824-2-300x225.jpg 300w, https:\/\/www.sp.k12.tr\/wp-content\/uploads\/2026\/04\/20260330_152824-2-1024x768.jpg 1024w, https:\/\/www.sp.k12.tr\/wp-content\/uploads\/2026\/04\/20260330_152824-2-768x576.jpg 768w, https:\/\/www.sp.k12.tr\/wp-content\/uploads\/2026\/04\/20260330_152824-2-1536x1152.jpg 1536w\" sizes=\"(max-width: 2560px) 100vw, 2560px\" \/>\t\t\t\t\t<\/a>\n\t\t\t\t\t<\/div>\n        <div class=\"edgtf-bli-content\">\n                            <div class=\"edgtf-bli-info\">\n\t                <div class=\"edgtf-post-info-category\">\n    <a href=\"https:\/\/www.sp.k12.tr\/fr\/category\/general\/\" rel=\"category tag\">g\u00e9n\u00e9ral<\/a>, <a href=\"https:\/\/www.sp.k12.tr\/fr\/category\/slayt\/\" rel=\"category tag\">slaytfr<\/a>, <a href=\"https:\/\/www.sp.k12.tr\/fr\/category\/voyages-et-sorties\/\" rel=\"category tag\">voyages et sorties<\/a><\/div>                <\/div>\n            \t\n\t        \n<h3 itemprop=\"name\" class=\"entry-title edgtf-post-title\" >\n            <a itemprop=\"url\" href=\"https:\/\/www.sp.k12.tr\/fr\/peradan-peri-bacalarina\/\" title=\"De P\u00e9ra \u00e0 la Cappadoce\">\n            De P\u00e9ra \u00e0 la Cappadoce            <\/a>\n    <\/h3>\t\n\t        <div class=\"edgtf-bli-excerpt\">\n\t\t        Le voyage en Cappadoce, devenu une tradition \u00e9ducative pour nous, est fier de c\u00e9l\u00e9brer cette ann\u00e9e son 20\u00e8me anniversaire. Ce pont jet\u00e9 entre P\u00e9ra et les paysages f\u00e9eriques de l\u2019Anatolie a repris vie gr\u00e2ce \u00e0 l'enthousiasme de nos classes pr\u00e9paratoires. En cette ann\u00e9e si particuli\u00e8re, o\u00f9 la pratique du fran\u00e7ais s'est m\u00eal\u00e9e aux randonn\u00e9es dans les vall\u00e9es et les formules de math\u00e9matiques aux chemin\u00e9es de f\u00e9e, nos \u00e9l\u00e8ves sont devenus les h\u00e9ritiers d'un patrimoine de vingt ans tout en se cr\u00e9ant leurs propres souvenirs inoubliables. Voici les carnets de voyage en Cappadoce, \u00e9crits par la plume de cette 20\u00e8me \u00e9dition...\t\t        \t<div class=\"edgtf-post-read-more-button\">\n\t\t<a itemprop=\"url\" href=\"https:\/\/www.sp.k12.tr\/fr\/peradan-peri-bacalarina\/\" target=\"_self\"  class=\"edgtf-btn edgtf-btn-medium edgtf-btn-simple edgtf-blog-list-button\" data-move=\"strict\" data-text=\"en savoir +\" >    <span class=\"edgtf-btn-text\">en savoir +<\/span>    <\/a>\t<\/div>\n\t        <\/div>\n        <\/div>\n\t<\/div>\n<\/li><li class=\"edgtf-bl-item edgtf-item-space blogLister2\">\n\t<div class=\"edgtf-bli-inner\">\n\t\t\n\t<div class=\"edgtf-post-image\">\n\t\t\t\t\t<a itemprop=\"url\" href=\"https:\/\/www.sp.k12.tr\/fr\/sari-sinif-bordeaux-gezisini-tamamladi\/\" title=\"Voyage \u00e0 Bordeaux : Mission accomplie pour la Classe Jaune !\">\n\t\t\t\t\t<img decoding=\"async\" width=\"1080\" height=\"608\" src=\"https:\/\/www.sp.k12.tr\/wp-content\/uploads\/2026\/02\/26-01-05-Bordeaux12-1.jpg\" class=\"attachment-full size-full wp-post-image\" alt=\"\" srcset=\"https:\/\/www.sp.k12.tr\/wp-content\/uploads\/2026\/02\/26-01-05-Bordeaux12-1.jpg 1080w, https:\/\/www.sp.k12.tr\/wp-content\/uploads\/2026\/02\/26-01-05-Bordeaux12-1-300x169.jpg 300w, https:\/\/www.sp.k12.tr\/wp-content\/uploads\/2026\/02\/26-01-05-Bordeaux12-1-1024x576.jpg 1024w, https:\/\/www.sp.k12.tr\/wp-content\/uploads\/2026\/02\/26-01-05-Bordeaux12-1-768x432.jpg 768w\" sizes=\"(max-width: 1080px) 100vw, 1080px\" \/>\t\t\t\t\t<\/a>\n\t\t\t\t\t<\/div>\n        <div class=\"edgtf-bli-content\">\n                            <div class=\"edgtf-bli-info\">\n\t                <div class=\"edgtf-post-info-category\">\n    <a href=\"https:\/\/www.sp.k12.tr\/fr\/category\/general\/\" rel=\"category tag\">g\u00e9n\u00e9ral<\/a>, <a href=\"https:\/\/www.sp.k12.tr\/fr\/category\/slayt\/\" rel=\"category tag\">slaytfr<\/a>, <a href=\"https:\/\/www.sp.k12.tr\/fr\/category\/voyages-et-sorties\/\" rel=\"category tag\">voyages et sorties<\/a><\/div>                <\/div>\n            \t\n\t        \n<h3 itemprop=\"name\" class=\"entry-title edgtf-post-title\" >\n            <a itemprop=\"url\" href=\"https:\/\/www.sp.k12.tr\/fr\/sari-sinif-bordeaux-gezisini-tamamladi\/\" title=\"Voyage \u00e0 Bordeaux : Mission accomplie pour la Classe Jaune !\">\n            Voyage \u00e0 Bordeaux : Mission accomplie pour la Classe Jaune !            <\/a>\n    <\/h3>\t\n\t        <div class=\"edgtf-bli-excerpt\">\n\t\t        \t\t        \t<div class=\"edgtf-post-read-more-button\">\n\t\t<a itemprop=\"url\" href=\"https:\/\/www.sp.k12.tr\/fr\/sari-sinif-bordeaux-gezisini-tamamladi\/\" target=\"_self\"  class=\"edgtf-btn edgtf-btn-medium edgtf-btn-simple edgtf-blog-list-button\" data-move=\"strict\" data-text=\"en savoir +\" >    <span class=\"edgtf-btn-text\">en savoir +<\/span>    <\/a>\t<\/div>\n\t        <\/div>\n        <\/div>\n\t<\/div>\n<\/li><li class=\"edgtf-bl-item edgtf-item-space blogLister3\">\n\t<div class=\"edgtf-bli-inner\">\n\t\t\n\t<div class=\"edgtf-post-image\">\n\t\t\t\t\t<a itemprop=\"url\" href=\"https:\/\/www.sp.k12.tr\/fr\/12-siniflar-ankara-universite-ve-kultur-gezisi-basariyla-gerceklestirildi\/\" title=\"Les classes de 12e ont voyag\u00e9 \u00e0 Ankara pour une excursion universitaire et culturelle\">\n\t\t\t\t\t<img decoding=\"async\" width=\"2560\" height=\"1125\" src=\"https:\/\/www.sp.k12.tr\/wp-content\/uploads\/2025\/12\/20251212_105006-scaled.jpg\" class=\"attachment-full size-full wp-post-image\" alt=\"\" srcset=\"https:\/\/www.sp.k12.tr\/wp-content\/uploads\/2025\/12\/20251212_105006-scaled.jpg 2560w, https:\/\/www.sp.k12.tr\/wp-content\/uploads\/2025\/12\/20251212_105006-300x132.jpg 300w, https:\/\/www.sp.k12.tr\/wp-content\/uploads\/2025\/12\/20251212_105006-1024x450.jpg 1024w, https:\/\/www.sp.k12.tr\/wp-content\/uploads\/2025\/12\/20251212_105006-768x338.jpg 768w, https:\/\/www.sp.k12.tr\/wp-content\/uploads\/2025\/12\/20251212_105006-1536x675.jpg 1536w\" sizes=\"(max-width: 2560px) 100vw, 2560px\" \/>\t\t\t\t\t<\/a>\n\t\t\t\t\t<\/div>\n        <div class=\"edgtf-bli-content\">\n                            <div class=\"edgtf-bli-info\">\n\t                <div class=\"edgtf-post-info-category\">\n    <a href=\"https:\/\/www.sp.k12.tr\/fr\/category\/egitim-gezileri-fr\/\" rel=\"category tag\">E\u011fitim Gezileri<\/a>, <a href=\"https:\/\/www.sp.k12.tr\/fr\/category\/general\/\" rel=\"category tag\">g\u00e9n\u00e9ral<\/a>, <a href=\"https:\/\/www.sp.k12.tr\/fr\/category\/slayt\/\" rel=\"category tag\">slaytfr<\/a>, <a href=\"https:\/\/www.sp.k12.tr\/fr\/category\/voyages-et-sorties\/\" rel=\"category tag\">voyages et sorties<\/a><\/div>                <\/div>\n            \t\n\t        \n<h3 itemprop=\"name\" class=\"entry-title edgtf-post-title\" >\n            <a itemprop=\"url\" href=\"https:\/\/www.sp.k12.tr\/fr\/12-siniflar-ankara-universite-ve-kultur-gezisi-basariyla-gerceklestirildi\/\" title=\"Les classes de 12e ont voyag\u00e9 \u00e0 Ankara pour une excursion universitaire et culturelle\">\n            Les classes de 12e ont voyag\u00e9 \u00e0 Ankara pour une excursion universitaire et culturelle            <\/a>\n    <\/h3>\t\n\t        <div class=\"edgtf-bli-excerpt\">\n\t\t        Les \u00e9l\u00e8ves de terminale de notre \u00e9cole ont particip\u00e9 \u00e0 un programme riche sur le plan acad\u00e9mique et culturel dans le cadre du voyage culturel \u00e0 l'universit\u00e9 et au mus\u00e9e d'Ankara, organis\u00e9 du 10 au 12 d\u00e9cembre 2024. Ce voyage de trois jours, organis\u00e9 dans le but de permettre \u00e0 nos \u00e9l\u00e8ves de d\u00e9couvrir de pr\u00e8s les \u00e9tablissements d'enseignement sup\u00e9rieur, de renforcer leur orientation professionnelle et de les sensibiliser au patrimoine culturel de notre pays, s'est d\u00e9roul\u00e9 avec succ\u00e8s.\r\n\t\t        \t<div class=\"edgtf-post-read-more-button\">\n\t\t<a itemprop=\"url\" href=\"https:\/\/www.sp.k12.tr\/fr\/12-siniflar-ankara-universite-ve-kultur-gezisi-basariyla-gerceklestirildi\/\" target=\"_self\"  class=\"edgtf-btn edgtf-btn-medium edgtf-btn-simple edgtf-blog-list-button\" data-move=\"strict\" data-text=\"en savoir +\" >    <span class=\"edgtf-btn-text\">en savoir +<\/span>    <\/a>\t<\/div>\n\t        <\/div>\n        <\/div>\n\t<\/div>\n<\/li><li class=\"edgtf-bl-item edgtf-item-space blogLister4\">\n\t<div class=\"edgtf-bli-inner\">\n\t\t\n\t<div class=\"edgtf-post-image\">\n\t\t\t\t\t<a itemprop=\"url\" href=\"https:\/\/www.sp.k12.tr\/fr\/berlin-mun-konferansi\/\" title=\"Quatre Jours de Diplomatie et de D\u00e9couverte \u00e0 Berlin !\">\n\t\t\t\t\t<img loading=\"lazy\" decoding=\"async\" width=\"2560\" height=\"1101\" src=\"https:\/\/www.sp.k12.tr\/wp-content\/uploads\/2025\/12\/IMG_2181-2-scaled.jpg\" class=\"attachment-full size-full wp-post-image\" alt=\"\" srcset=\"https:\/\/www.sp.k12.tr\/wp-content\/uploads\/2025\/12\/IMG_2181-2-scaled.jpg 2560w, https:\/\/www.sp.k12.tr\/wp-content\/uploads\/2025\/12\/IMG_2181-2-300x129.jpg 300w, https:\/\/www.sp.k12.tr\/wp-content\/uploads\/2025\/12\/IMG_2181-2-1024x441.jpg 1024w, https:\/\/www.sp.k12.tr\/wp-content\/uploads\/2025\/12\/IMG_2181-2-768x330.jpg 768w, https:\/\/www.sp.k12.tr\/wp-content\/uploads\/2025\/12\/IMG_2181-2-1536x661.jpg 1536w\" sizes=\"(max-width: 2560px) 100vw, 2560px\" \/>\t\t\t\t\t<\/a>\n\t\t\t\t\t<\/div>\n        <div class=\"edgtf-bli-content\">\n                            <div class=\"edgtf-bli-info\">\n\t                <div class=\"edgtf-post-info-category\">\n    <a href=\"https:\/\/www.sp.k12.tr\/fr\/category\/clubs\/\" rel=\"category tag\">clubs<\/a>, <a href=\"https:\/\/www.sp.k12.tr\/fr\/category\/egitim-gezileri-fr\/\" rel=\"category tag\">E\u011fitim Gezileri<\/a>, <a href=\"https:\/\/www.sp.k12.tr\/fr\/category\/general\/\" rel=\"category tag\">g\u00e9n\u00e9ral<\/a>, <a href=\"https:\/\/www.sp.k12.tr\/fr\/category\/slayt\/\" rel=\"category tag\">slaytfr<\/a>, <a href=\"https:\/\/www.sp.k12.tr\/fr\/category\/voyages-et-sorties\/\" rel=\"category tag\">voyages et sorties<\/a><\/div>                <\/div>\n            \t\n\t        \n<h3 itemprop=\"name\" class=\"entry-title edgtf-post-title\" >\n            <a itemprop=\"url\" href=\"https:\/\/www.sp.k12.tr\/fr\/berlin-mun-konferansi\/\" title=\"Quatre Jours de Diplomatie et de D\u00e9couverte \u00e0 Berlin !\">\n            Quatre Jours de Diplomatie et de D\u00e9couverte \u00e0 Berlin !            <\/a>\n    <\/h3>\t\n\t        <div class=\"edgtf-bli-excerpt\">\n\t\t        Nos \u00e9l\u00e8ves du Club MUN Anglais \u00e9taient \u00e0 Berlin la semaine derni\u00e8re ! \ud83d\udce3\r\n\r\nNos \u00e9l\u00e8ves du club, Eda et Cemre, ont particip\u00e9 \u00e0 la Conf\u00e9rence MUN de Berlin, l'un des \u00e9v\u00e9nements cl\u00e9s de cette ann\u00e9e, afin d'am\u00e9liorer leurs comp\u00e9tences en diplomatie mondiale et en d\u00e9bat. Voici le r\u00e9cit de cette exp\u00e9rience inoubliable \u00e0 travers leurs yeux :\t\t        \t<div class=\"edgtf-post-read-more-button\">\n\t\t<a itemprop=\"url\" href=\"https:\/\/www.sp.k12.tr\/fr\/berlin-mun-konferansi\/\" target=\"_self\"  class=\"edgtf-btn edgtf-btn-medium edgtf-btn-simple edgtf-blog-list-button\" data-move=\"strict\" data-text=\"en savoir +\" >    <span class=\"edgtf-btn-text\">en savoir +<\/span>    <\/a>\t<\/div>\n\t        <\/div>\n        <\/div>\n\t<\/div>\n<\/li><li class=\"edgtf-bl-item edgtf-item-space blogLister5\">\n\t<div class=\"edgtf-bli-inner\">\n\t\t\n\t<div class=\"edgtf-post-image\">\n\t\t\t\t\t<a itemprop=\"url\" href=\"https:\/\/www.sp.k12.tr\/fr\/kentsel-bellegin-izinde-sanat-galata-bienal-gezisiyle-teoriden-yerinde-deneyime\/\" title=\"L&rsquo;Art sur les Traces de la M\u00e9moire Urbaine : De la Th\u00e9orie \u00e0 l&rsquo;Exp\u00e9rience sur le Terrain par la Visite de la Biennale de Galata.\">\n\t\t\t\t\t<img loading=\"lazy\" decoding=\"async\" width=\"2560\" height=\"1920\" src=\"https:\/\/www.sp.k12.tr\/wp-content\/uploads\/2025\/11\/Copie-de-IMG_8048-scaled.jpg\" class=\"attachment-full size-full wp-post-image\" alt=\"\" srcset=\"https:\/\/www.sp.k12.tr\/wp-content\/uploads\/2025\/11\/Copie-de-IMG_8048-scaled.jpg 2560w, https:\/\/www.sp.k12.tr\/wp-content\/uploads\/2025\/11\/Copie-de-IMG_8048-300x225.jpg 300w, https:\/\/www.sp.k12.tr\/wp-content\/uploads\/2025\/11\/Copie-de-IMG_8048-1024x768.jpg 1024w, https:\/\/www.sp.k12.tr\/wp-content\/uploads\/2025\/11\/Copie-de-IMG_8048-768x576.jpg 768w, https:\/\/www.sp.k12.tr\/wp-content\/uploads\/2025\/11\/Copie-de-IMG_8048-1536x1152.jpg 1536w\" sizes=\"(max-width: 2560px) 100vw, 2560px\" \/>\t\t\t\t\t<\/a>\n\t\t\t\t\t<\/div>\n        <div class=\"edgtf-bli-content\">\n                            <div class=\"edgtf-bli-info\">\n\t                <div class=\"edgtf-post-info-category\">\n    <a href=\"https:\/\/www.sp.k12.tr\/fr\/category\/art-au-lycee\/\" rel=\"category tag\">art au lyc\u00e9e<\/a>, <a href=\"https:\/\/www.sp.k12.tr\/fr\/category\/egitim-gezileri-fr\/\" rel=\"category tag\">E\u011fitim Gezileri<\/a>, <a href=\"https:\/\/www.sp.k12.tr\/fr\/category\/general\/\" rel=\"category tag\">g\u00e9n\u00e9ral<\/a>, <a href=\"https:\/\/www.sp.k12.tr\/fr\/category\/slayt\/\" rel=\"category tag\">slaytfr<\/a>, <a href=\"https:\/\/www.sp.k12.tr\/fr\/category\/voyages-et-sorties\/\" rel=\"category tag\">voyages et sorties<\/a><\/div>                <\/div>\n            \t\n\t        \n<h3 itemprop=\"name\" class=\"entry-title edgtf-post-title\" >\n            <a itemprop=\"url\" href=\"https:\/\/www.sp.k12.tr\/fr\/kentsel-bellegin-izinde-sanat-galata-bienal-gezisiyle-teoriden-yerinde-deneyime\/\" title=\"L&rsquo;Art sur les Traces de la M\u00e9moire Urbaine : De la Th\u00e9orie \u00e0 l&rsquo;Exp\u00e9rience sur le Terrain par la Visite de la Biennale de Galata.\">\n            L&rsquo;Art sur les Traces de la M\u00e9moire Urbaine : De la Th\u00e9orie \u00e0 l&rsquo;Exp\u00e9rience sur le Terrain par la Visite de la Biennale de Galata.            <\/a>\n    <\/h3>\t\n\t        <div class=\"edgtf-bli-excerpt\">\n\t\t        Avec nos \u00e9l\u00e8ves de 11\u1d49 ann\u00e9e, nous avons visit\u00e9 les trois sites de la 18\u1d49 Biennale d\u2019Istanbul, con\u00e7ue par la commissaire Christine Tohm\u00e9 autour de la m\u00e9taphore du \u00ab Chat \u00e0 trois pattes \u00bb et rassemblant 47 artistes de plus de 30 pays. \t\t        \t<div class=\"edgtf-post-read-more-button\">\n\t\t<a itemprop=\"url\" href=\"https:\/\/www.sp.k12.tr\/fr\/kentsel-bellegin-izinde-sanat-galata-bienal-gezisiyle-teoriden-yerinde-deneyime\/\" target=\"_self\"  class=\"edgtf-btn edgtf-btn-medium edgtf-btn-simple edgtf-blog-list-button\" data-move=\"strict\" data-text=\"en savoir +\" >    <span class=\"edgtf-btn-text\">en savoir +<\/span>    <\/a>\t<\/div>\n\t        <\/div>\n        <\/div>\n\t<\/div>\n<\/li><li class=\"edgtf-bl-item edgtf-item-space blogLister6\">\n\t<div class=\"edgtf-bli-inner\">\n\t\t\n\t<div class=\"edgtf-post-image\">\n\t\t\t\t\t<a itemprop=\"url\" href=\"https:\/\/www.sp.k12.tr\/fr\/sakip-sabanci-muzesinde-bir-karsilasma-12-siniflar-ve-suzanne-lacy\/\" title=\"Rencontre \u00e0 SSM : Les Terminales face \u00e0 Suzanne Lacy\">\n\t\t\t\t\t<img loading=\"lazy\" decoding=\"async\" width=\"2560\" height=\"990\" src=\"https:\/\/www.sp.k12.tr\/wp-content\/uploads\/2025\/11\/IMG_8392.jpgfsfsfs-scaled.jpg\" class=\"attachment-full size-full wp-post-image\" alt=\"\" srcset=\"https:\/\/www.sp.k12.tr\/wp-content\/uploads\/2025\/11\/IMG_8392.jpgfsfsfs-scaled.jpg 2560w, https:\/\/www.sp.k12.tr\/wp-content\/uploads\/2025\/11\/IMG_8392.jpgfsfsfs-300x116.jpg 300w, https:\/\/www.sp.k12.tr\/wp-content\/uploads\/2025\/11\/IMG_8392.jpgfsfsfs-1024x396.jpg 1024w, https:\/\/www.sp.k12.tr\/wp-content\/uploads\/2025\/11\/IMG_8392.jpgfsfsfs-768x297.jpg 768w, https:\/\/www.sp.k12.tr\/wp-content\/uploads\/2025\/11\/IMG_8392.jpgfsfsfs-1536x594.jpg 1536w\" sizes=\"(max-width: 2560px) 100vw, 2560px\" \/>\t\t\t\t\t<\/a>\n\t\t\t\t\t<\/div>\n        <div class=\"edgtf-bli-content\">\n                            <div class=\"edgtf-bli-info\">\n\t                <div class=\"edgtf-post-info-category\">\n    <a href=\"https:\/\/www.sp.k12.tr\/fr\/category\/art-au-lycee\/\" rel=\"category tag\">art au lyc\u00e9e<\/a>, <a href=\"https:\/\/www.sp.k12.tr\/fr\/category\/general\/\" rel=\"category tag\">g\u00e9n\u00e9ral<\/a>, <a href=\"https:\/\/www.sp.k12.tr\/fr\/category\/slayt\/\" rel=\"category tag\">slaytfr<\/a>, <a href=\"https:\/\/www.sp.k12.tr\/fr\/category\/voyages-et-sorties\/\" rel=\"category tag\">voyages et sorties<\/a><\/div>                <\/div>\n            \t\n\t        \n<h3 itemprop=\"name\" class=\"entry-title edgtf-post-title\" >\n            <a itemprop=\"url\" href=\"https:\/\/www.sp.k12.tr\/fr\/sakip-sabanci-muzesinde-bir-karsilasma-12-siniflar-ve-suzanne-lacy\/\" title=\"Rencontre \u00e0 SSM : Les Terminales face \u00e0 Suzanne Lacy\">\n            Rencontre \u00e0 SSM : Les Terminales face \u00e0 Suzanne Lacy            <\/a>\n    <\/h3>\t\n\t        <div class=\"edgtf-bli-excerpt\">\n\t\t        Avec nos \u00e9l\u00e8ves de terminale, nous avons visit\u00e9 l\u2019exposition d\u2019art contemporain \u201cBirlikte \/ Together\u201d de Suzanne Lacy, pr\u00e9sent\u00e9e au Mus\u00e9e Sak\u0131p Sabanc\u0131. N\u00e9e en 1945, l\u2019artiste est une figure reconnue sur la sc\u00e8ne internationale, travaillant sur des questions sociales \u00e0 travers la performance, la vid\u00e9o, l\u2019installation et l\u2019art public.\t\t        \t<div class=\"edgtf-post-read-more-button\">\n\t\t<a itemprop=\"url\" href=\"https:\/\/www.sp.k12.tr\/fr\/sakip-sabanci-muzesinde-bir-karsilasma-12-siniflar-ve-suzanne-lacy\/\" target=\"_self\"  class=\"edgtf-btn edgtf-btn-medium edgtf-btn-simple edgtf-blog-list-button\" data-move=\"strict\" data-text=\"en savoir +\" >    <span class=\"edgtf-btn-text\">en savoir +<\/span>    <\/a>\t<\/div>\n\t        <\/div>\n        <\/div>\n\t<\/div>\n<\/li><li class=\"edgtf-bl-item edgtf-item-space blogLister7\">\n\t<div class=\"edgtf-bli-inner\">\n\t\t\n\t<div class=\"edgtf-post-image\">\n\t\t\t\t\t<a itemprop=\"url\" href=\"https:\/\/www.sp.k12.tr\/fr\/13-senesinde-buyukada-gezisi\/\" title=\"13. Senesinde B\u00fcy\u00fckada Gezisi\">\n\t\t\t\t\t<img loading=\"lazy\" decoding=\"async\" width=\"1080\" height=\"608\" src=\"https:\/\/www.sp.k12.tr\/wp-content\/uploads\/2025\/10\/25-10-06-Buyukada-Kaynastirma-Etkinlikleri-Haz-C-D7.jpg\" class=\"attachment-full size-full wp-post-image\" alt=\"\" srcset=\"https:\/\/www.sp.k12.tr\/wp-content\/uploads\/2025\/10\/25-10-06-Buyukada-Kaynastirma-Etkinlikleri-Haz-C-D7.jpg 1080w, https:\/\/www.sp.k12.tr\/wp-content\/uploads\/2025\/10\/25-10-06-Buyukada-Kaynastirma-Etkinlikleri-Haz-C-D7-300x169.jpg 300w, https:\/\/www.sp.k12.tr\/wp-content\/uploads\/2025\/10\/25-10-06-Buyukada-Kaynastirma-Etkinlikleri-Haz-C-D7-1024x576.jpg 1024w, https:\/\/www.sp.k12.tr\/wp-content\/uploads\/2025\/10\/25-10-06-Buyukada-Kaynastirma-Etkinlikleri-Haz-C-D7-768x432.jpg 768w\" sizes=\"(max-width: 1080px) 100vw, 1080px\" \/>\t\t\t\t\t<\/a>\n\t\t\t\t\t<\/div>\n        <div class=\"edgtf-bli-content\">\n                            <div class=\"edgtf-bli-info\">\n\t                <div class=\"edgtf-post-info-category\">\n    <a href=\"https:\/\/www.sp.k12.tr\/fr\/category\/general\/\" rel=\"category tag\">g\u00e9n\u00e9ral<\/a>, <a href=\"https:\/\/www.sp.k12.tr\/fr\/category\/slayt\/\" rel=\"category tag\">slaytfr<\/a>, <a href=\"https:\/\/www.sp.k12.tr\/fr\/category\/voyages-et-sorties\/\" rel=\"category tag\">voyages et sorties<\/a><\/div>                <\/div>\n            \t\n\t        \n<h3 itemprop=\"name\" class=\"entry-title edgtf-post-title\" >\n            <a itemprop=\"url\" href=\"https:\/\/www.sp.k12.tr\/fr\/13-senesinde-buyukada-gezisi\/\" title=\"13. Senesinde B\u00fcy\u00fckada Gezisi\">\n            13. Senesinde B\u00fcy\u00fckada Gezisi            <\/a>\n    <\/h3>\t\n\t        <div class=\"edgtf-bli-excerpt\">\n\t\t        Dans le cadre de notre programme d\u2019int\u00e9gration con\u00e7u pour les classes pr\u00e9paratoires, nos \u00e9l\u00e8ves ont eu l\u2019occasion de renforcer leurs connaissances, comp\u00e9tences linguistiques et exp\u00e9riences lors de la 13\u1d49 sortie annuelle \u00e0 B\u00fcy\u00fckada. Pendant cette activit\u00e9 d\u2019une journ\u00e9e et demie, ils ont perfectionn\u00e9 leur communication en fran\u00e7ais et ont ensemble consolid\u00e9 un esprit de communaut\u00e9 bas\u00e9 sur le partage, la compr\u00e9hension et le respect. Vous pouvez d\u00e9couvrir les moments forts de cette excursion \u00e0 travers les r\u00e9cits r\u00e9dig\u00e9s par nos \u00e9l\u00e8ves eux-m\u00eames.\t\t        \t<div class=\"edgtf-post-read-more-button\">\n\t\t<a itemprop=\"url\" href=\"https:\/\/www.sp.k12.tr\/fr\/13-senesinde-buyukada-gezisi\/\" target=\"_self\"  class=\"edgtf-btn edgtf-btn-medium edgtf-btn-simple edgtf-blog-list-button\" data-move=\"strict\" data-text=\"en savoir +\" >    <span class=\"edgtf-btn-text\">en savoir +<\/span>    <\/a>\t<\/div>\n\t        <\/div>\n        <\/div>\n\t<\/div>\n<\/li><li class=\"edgtf-bl-item edgtf-item-space blogLister8\">\n\t<div class=\"edgtf-bli-inner\">\n\t\t\n\t<div class=\"edgtf-post-image\">\n\t\t\t\t\t<a itemprop=\"url\" href=\"https:\/\/www.sp.k12.tr\/fr\/nefes-orman-gezisi\/\" title=\"Sortie \u00e0 la for\u00eat Nefes\">\n\t\t\t\t\t<img loading=\"lazy\" decoding=\"async\" width=\"1080\" height=\"608\" src=\"https:\/\/www.sp.k12.tr\/wp-content\/uploads\/2025\/09\/25-09-24-Nefes-Orman.jpg\" class=\"attachment-full size-full wp-post-image\" alt=\"\" srcset=\"https:\/\/www.sp.k12.tr\/wp-content\/uploads\/2025\/09\/25-09-24-Nefes-Orman.jpg 1080w, https:\/\/www.sp.k12.tr\/wp-content\/uploads\/2025\/09\/25-09-24-Nefes-Orman-300x169.jpg 300w, https:\/\/www.sp.k12.tr\/wp-content\/uploads\/2025\/09\/25-09-24-Nefes-Orman-1024x576.jpg 1024w, https:\/\/www.sp.k12.tr\/wp-content\/uploads\/2025\/09\/25-09-24-Nefes-Orman-768x432.jpg 768w\" sizes=\"(max-width: 1080px) 100vw, 1080px\" \/>\t\t\t\t\t<\/a>\n\t\t\t\t\t<\/div>\n        <div class=\"edgtf-bli-content\">\n                            <div class=\"edgtf-bli-info\">\n\t                <div class=\"edgtf-post-info-category\">\n    <a href=\"https:\/\/www.sp.k12.tr\/fr\/category\/general\/\" rel=\"category tag\">g\u00e9n\u00e9ral<\/a>, <a href=\"https:\/\/www.sp.k12.tr\/fr\/category\/slayt\/\" rel=\"category tag\">slaytfr<\/a>, <a href=\"https:\/\/www.sp.k12.tr\/fr\/category\/voyages-et-sorties\/\" rel=\"category tag\">voyages et sorties<\/a><\/div>                <\/div>\n            \t\n\t        \n<h3 itemprop=\"name\" class=\"entry-title edgtf-post-title\" >\n            <a itemprop=\"url\" href=\"https:\/\/www.sp.k12.tr\/fr\/nefes-orman-gezisi\/\" title=\"Sortie \u00e0 la for\u00eat Nefes\">\n            Sortie \u00e0 la for\u00eat Nefes            <\/a>\n    <\/h3>\t\n\t        <div class=\"edgtf-bli-excerpt\">\n\t\t        \t\t        \t<div class=\"edgtf-post-read-more-button\">\n\t\t<a itemprop=\"url\" href=\"https:\/\/www.sp.k12.tr\/fr\/nefes-orman-gezisi\/\" target=\"_self\"  class=\"edgtf-btn edgtf-btn-medium edgtf-btn-simple edgtf-blog-list-button\" data-move=\"strict\" data-text=\"en savoir +\" >    <span class=\"edgtf-btn-text\">en savoir +<\/span>    <\/a>\t<\/div>\n\t        <\/div>\n        <\/div>\n\t<\/div>\n<\/li>\t\t<\/ul>\n\t<\/div>\n\t\t<div class=\"edgtf-blog-pag-loading\">\n\t\t<div class=\"edgtf-blog-pag-bounce1\"><\/div>\n\t\t<div class=\"edgtf-blog-pag-bounce2\"><\/div>\n\t\t<div class=\"edgtf-blog-pag-bounce3\"><\/div>\n\t<\/div>\n\t<div class=\"edgtf-blog-pag-load-more\">\n\t\t<a itemprop=\"url\" href=\"#\" target=\"_self\"  class=\"edgtf-btn edgtf-btn-medium edgtf-btn-solid\" data-move=\"strict\" data-text=\"Charger Plus\" >    <span class=\"edgtf-btn-text\">Charger Plus<\/span>    <\/a>\t<\/div>\n<input type=\"hidden\" id=\"qodef_blog_load_more_nonce_4464\" name=\"qodef_blog_load_more_nonce_4464\" value=\"cb509a738f\" \/><input type=\"hidden\" name=\"_wp_http_referer\" value=\"\/fr\/wp-json\/wp\/v2\/pages\/35935\" \/><\/div>[\/vc_column][\/vc_row][\/vc_section]<\/p>\n","protected":false},"excerpt":{"rendered":"<p>[vc_row el_class=\u00a0\u00bbmakaleButtons\u00a0\u00bb css=\u00a0\u00bb.vc_custom_1598510313114{margin-bottom: 40px !important;}\u00a0\u00bb][vc_column][\/vc_column][\/vc_row][vc_section el_class=\u00a0\u00bbhomeContainer\u00a0\u00bb css=\u00a0\u00bb.vc_custom_1598510331649{padding-top: 40px !important;}\u00a0\u00bb][vc_row el_class=\u00a0\u00bbhaberCont\u00a0\u00bb][vc_column][\/vc_column][\/vc_row][\/vc_section]<\/p>\n","protected":false},"author":1,"featured_media":33491,"parent":34205,"menu_order":0,"comment_status":"closed","ping_status":"closed","template":"","meta":{"_monsterinsights_skip_tracking":false,"_monsterinsights_sitenote_active":false,"_monsterinsights_sitenote_note":"","_monsterinsights_sitenote_category":0,"footnotes":""},"categories":[],"tags":[],"class_list":["post-35935","page","type-page","status-publish","has-post-thumbnail","hentry"],"_links":{"self":[{"href":"https:\/\/www.sp.k12.tr\/fr\/wp-json\/wp\/v2\/pages\/35935","targetHints":{"allow":["GET"]}}],"collection":[{"href":"https:\/\/www.sp.k12.tr\/fr\/wp-json\/wp\/v2\/pages"}],"about":[{"href":"https:\/\/www.sp.k12.tr\/fr\/wp-json\/wp\/v2\/types\/page"}],"author":[{"embeddable":true,"href":"https:\/\/www.sp.k12.tr\/fr\/wp-json\/wp\/v2\/users\/1"}],"replies":[{"embeddable":true,"href":"https:\/\/www.sp.k12.tr\/fr\/wp-json\/wp\/v2\/comments?post=35935"}],"version-history":[{"count":0,"href":"https:\/\/www.sp.k12.tr\/fr\/wp-json\/wp\/v2\/pages\/35935\/revisions"}],"up":[{"embeddable":true,"href":"https:\/\/www.sp.k12.tr\/fr\/wp-json\/wp\/v2\/pages\/34205"}],"wp:featuredmedia":[{"embeddable":true,"href":"https:\/\/www.sp.k12.tr\/fr\/wp-json\/wp\/v2\/media\/33491"}],"wp:attachment":[{"href":"https:\/\/www.sp.k12.tr\/fr\/wp-json\/wp\/v2\/media?parent=35935"}],"wp:term":[{"taxonomy":"category","embeddable":true,"href":"https:\/\/www.sp.k12.tr\/fr\/wp-json\/wp\/v2\/categories?post=35935"},{"taxonomy":"post_tag","embeddable":true,"href":"https:\/\/www.sp.k12.tr\/fr\/wp-json\/wp\/v2\/tags?post=35935"}],"curies":[{"name":"wp","href":"https:\/\/api.w.org\/{rel}","templated":true}]}}