{"id":35933,"date":"2020-08-27T10:24:59","date_gmt":"2020-08-27T07:24:59","guid":{"rendered":"https:\/\/www.sp.k12.tr\/?page_id=35933"},"modified":"2020-08-27T10:51:19","modified_gmt":"2020-08-27T07:51:19","slug":"concours","status":"publish","type":"page","link":"https:\/\/www.sp.k12.tr\/fr\/actualites\/concours\/","title":{"rendered":"Concours"},"content":{"rendered":"<p>[vc_row el_class=\u00a0\u00bbmakaleButtons\u00a0\u00bb css=\u00a0\u00bb.vc_custom_1598510313114{margin-bottom: 40px !important;}\u00a0\u00bb][vc_column]<a itemprop=\"url\" href=\"https:\/\/www.sp.k12.tr\/fr\/actualites\" target=\"_self\"  class=\"edgtf-btn edgtf-btn-medium edgtf-btn-outline\" data-move=\"strict\" data-text=\"tous les actualit\u00e9s\" >\n    <span class=\"edgtf-btn-text\">tous les actualit\u00e9s<\/span>\n    <\/a><a itemprop=\"url\" href=\"https:\/\/www.sp.k12.tr\/fr\/actualites\/travaux-des-eleves\/\" target=\"_self\"  class=\"edgtf-btn edgtf-btn-medium edgtf-btn-outline\" data-move=\"strict\" data-text=\"travaux des \u00e9l\u00e8ves\" >\n    <span class=\"edgtf-btn-text\">travaux des \u00e9l\u00e8ves<\/span>\n    <\/a><a itemprop=\"url\" href=\"https:\/\/www.sp.k12.tr\/fr\/actualites\/rencontres\/\" target=\"_self\"  class=\"edgtf-btn edgtf-btn-medium edgtf-btn-outline\" data-move=\"strict\" data-text=\"rencontres\" >\n    <span class=\"edgtf-btn-text\">rencontres<\/span>\n    <\/a><a itemprop=\"url\" href=\"https:\/\/www.sp.k12.tr\/fr\/actualites\/general\/\" target=\"_self\"  class=\"edgtf-btn edgtf-btn-medium edgtf-btn-outline\" data-move=\"strict\" data-text=\"g\u00e9n\u00e9ral\" >\n    <span class=\"edgtf-btn-text\">g\u00e9n\u00e9ral<\/span>\n    <\/a><a itemprop=\"url\" href=\"https:\/\/www.sp.k12.tr\/fr\/actualites\/ceremonie-et-histoire\/\" target=\"_self\"  class=\"edgtf-btn edgtf-btn-medium edgtf-btn-outline\" data-move=\"strict\" data-text=\"c\u00e9r\u00e9monie et histoire\" >\n    <span class=\"edgtf-btn-text\">c\u00e9r\u00e9monie et histoire<\/span>\n    <\/a><a itemprop=\"url\" href=\"https:\/\/www.sp.k12.tr\/fr\/actualites\/art-au-lycee\/\" target=\"_self\"  class=\"edgtf-btn edgtf-btn-medium edgtf-btn-outline\" data-move=\"strict\" data-text=\"art au lyc\u00e9e\" >\n    <span class=\"edgtf-btn-text\">art au lyc\u00e9e<\/span>\n    <\/a><a itemprop=\"url\" href=\"https:\/\/www.sp.k12.tr\/fr\/actualites\/concours\/\" target=\"_self\" style=\"color: #ffffff\" class=\"edgtf-btn edgtf-btn-medium edgtf-btn-outline activeBtn\" data-move=\"strict\" data-text=\"concours\" >\n    <span class=\"edgtf-btn-text\">concours<\/span>\n    <\/a><a itemprop=\"url\" href=\"https:\/\/www.sp.k12.tr\/fr\/actualites\/voyages-et-sorties\/\" target=\"_self\"  class=\"edgtf-btn edgtf-btn-medium edgtf-btn-outline\" data-move=\"strict\" data-text=\"voyages et sorties\" >\n    <span class=\"edgtf-btn-text\">voyages et sorties<\/span>\n    <\/a><a itemprop=\"url\" href=\"https:\/\/www.sp.k12.tr\/fr\/actualites\/developpement-durable\/\" target=\"_self\"  class=\"edgtf-btn edgtf-btn-medium edgtf-btn-outline\" data-move=\"strict\" data-text=\"d\u00e9veloppement durable\" >\n    <span class=\"edgtf-btn-text\">d\u00e9veloppement durable<\/span>\n    <\/a>[\/vc_column][\/vc_row][vc_section el_class=\u00a0\u00bbhomeContainer\u00a0\u00bb css=\u00a0\u00bb.vc_custom_1598510331649{padding-top: 40px !important;}\u00a0\u00bb][vc_row el_class=\u00a0\u00bbhaberCont\u00a0\u00bb][vc_column]<div class=\"edgtf-blog-list-holder edgtf-grid-list edgtf-grid-masonry-list edgtf-bl-masonry edgtf-two-columns  edgtf-huge-space edgtf-bl-pag-load-more\"  data-type=masonry data-number-of-posts=8 data-number-of-columns=two data-space-between-items=huge data-category=concours data-orderby=date data-order=DESC data-image-size=full data-title-tag=h3 data-excerpt-length=0 data-post-info-section=yes data-post-info-image=yes data-post-info-author=no data-post-info-date=no data-post-info-category=yes data-post-info-comments=no data-post-info-like=no data-post-info-share=no data-pagination-type=load-more data-max-num-pages=14 data-next-page=2>\n\t<div class=\"edgtf-bl-wrapper edgtf-outer-space\">\n\t\t<ul class=\"edgtf-blog-list edgtf-masonry-list-wrapper\">\n\t\t\t<!--<li class=\"edgtf-masonry-grid-sizer\"><\/li>\n\t\t\t<li class=\"edgtf-masonry-grid-gutter\"><\/li>-->\n\t\t\t<li class=\"edgtf-bl-item edgtf-item-space blogLister1\">\n\t<div class=\"edgtf-bli-inner\">\n\t\t\n\t<div class=\"edgtf-post-image\">\n\t\t\t\t\t<a itemprop=\"url\" href=\"https:\/\/www.sp.k12.tr\/fr\/victoires-de-leloquence\/\" title=\"Victoires de l&rsquo;\u00e9loquence\">\n\t\t\t\t\t<img fetchpriority=\"high\" decoding=\"async\" width=\"1050\" height=\"700\" src=\"https:\/\/www.sp.k12.tr\/wp-content\/uploads\/2024\/05\/24_05_16_VictoiresDeLeloquence-4.jpg\" class=\"attachment-full size-full wp-post-image\" alt=\"\" srcset=\"https:\/\/www.sp.k12.tr\/wp-content\/uploads\/2024\/05\/24_05_16_VictoiresDeLeloquence-4.jpg 1050w, https:\/\/www.sp.k12.tr\/wp-content\/uploads\/2024\/05\/24_05_16_VictoiresDeLeloquence-4-300x200.jpg 300w, https:\/\/www.sp.k12.tr\/wp-content\/uploads\/2024\/05\/24_05_16_VictoiresDeLeloquence-4-1024x683.jpg 1024w, https:\/\/www.sp.k12.tr\/wp-content\/uploads\/2024\/05\/24_05_16_VictoiresDeLeloquence-4-768x512.jpg 768w\" sizes=\"(max-width: 1050px) 100vw, 1050px\" \/>\t\t\t\t\t<\/a>\n\t\t\t\t\t<\/div>\n        <div class=\"edgtf-bli-content\">\n                            <div class=\"edgtf-bli-info\">\n\t                <div class=\"edgtf-post-info-category\">\n    <a href=\"https:\/\/www.sp.k12.tr\/fr\/category\/concours\/\" rel=\"category tag\">concours<\/a>, <a href=\"https:\/\/www.sp.k12.tr\/fr\/category\/general\/\" rel=\"category tag\">g\u00e9n\u00e9ral<\/a>, <a href=\"https:\/\/www.sp.k12.tr\/fr\/category\/slayt\/\" rel=\"category tag\">slaytfr<\/a><\/div>                <\/div>\n            \t\n\t        \n<h3 itemprop=\"name\" class=\"entry-title edgtf-post-title\" >\n            <a itemprop=\"url\" href=\"https:\/\/www.sp.k12.tr\/fr\/victoires-de-leloquence\/\" title=\"Victoires de l&rsquo;\u00e9loquence\">\n            Victoires de l&rsquo;\u00e9loquence            <\/a>\n    <\/h3>\t\n\t        <div class=\"edgtf-bli-excerpt\">\n\t\t        \t\t        \t<div class=\"edgtf-post-read-more-button\">\n\t\t<a itemprop=\"url\" href=\"https:\/\/www.sp.k12.tr\/fr\/victoires-de-leloquence\/\" target=\"_self\"  class=\"edgtf-btn edgtf-btn-medium edgtf-btn-simple edgtf-blog-list-button\" data-move=\"strict\" data-text=\"en savoir +\" >    <span class=\"edgtf-btn-text\">en savoir +<\/span>    <\/a>\t<\/div>\n\t        <\/div>\n        <\/div>\n\t<\/div>\n<\/li><li class=\"edgtf-bl-item edgtf-item-space blogLister2\">\n\t<div class=\"edgtf-bli-inner\">\n\t\t\n\t<div class=\"edgtf-post-image\">\n\t\t\t\t\t<a itemprop=\"url\" href=\"https:\/\/www.sp.k12.tr\/fr\/liseler-arasi-makale-yarismasi-2\/\" title=\"CONCOURS D\u2019ESSAI LITT\u00c9RAIRE INTER-LYC\u00c9ES\">\n\t\t\t\t\t<img decoding=\"async\" width=\"2560\" height=\"1706\" src=\"https:\/\/www.sp.k12.tr\/wp-content\/uploads\/2024\/05\/24_04_30_MakaleYarismasiOdulToreni-34-scaled.jpg\" class=\"attachment-full size-full wp-post-image\" alt=\"\" srcset=\"https:\/\/www.sp.k12.tr\/wp-content\/uploads\/2024\/05\/24_04_30_MakaleYarismasiOdulToreni-34-scaled.jpg 2560w, https:\/\/www.sp.k12.tr\/wp-content\/uploads\/2024\/05\/24_04_30_MakaleYarismasiOdulToreni-34-300x200.jpg 300w, https:\/\/www.sp.k12.tr\/wp-content\/uploads\/2024\/05\/24_04_30_MakaleYarismasiOdulToreni-34-1024x683.jpg 1024w, https:\/\/www.sp.k12.tr\/wp-content\/uploads\/2024\/05\/24_04_30_MakaleYarismasiOdulToreni-34-768x512.jpg 768w, https:\/\/www.sp.k12.tr\/wp-content\/uploads\/2024\/05\/24_04_30_MakaleYarismasiOdulToreni-34-1536x1024.jpg 1536w\" sizes=\"(max-width: 2560px) 100vw, 2560px\" \/>\t\t\t\t\t<\/a>\n\t\t\t\t\t<\/div>\n        <div class=\"edgtf-bli-content\">\n                            <div class=\"edgtf-bli-info\">\n\t                <div class=\"edgtf-post-info-category\">\n    <a href=\"https:\/\/www.sp.k12.tr\/fr\/category\/concours\/\" rel=\"category tag\">concours<\/a>, <a href=\"https:\/\/www.sp.k12.tr\/fr\/category\/general\/\" rel=\"category tag\">g\u00e9n\u00e9ral<\/a>, <a href=\"https:\/\/www.sp.k12.tr\/fr\/category\/slayt\/\" rel=\"category tag\">slaytfr<\/a><\/div>                <\/div>\n            \t\n\t        \n<h3 itemprop=\"name\" class=\"entry-title edgtf-post-title\" >\n            <a itemprop=\"url\" href=\"https:\/\/www.sp.k12.tr\/fr\/liseler-arasi-makale-yarismasi-2\/\" title=\"CONCOURS D\u2019ESSAI LITT\u00c9RAIRE INTER-LYC\u00c9ES\">\n            CONCOURS D\u2019ESSAI LITT\u00c9RAIRE INTER-LYC\u00c9ES            <\/a>\n    <\/h3>\t\n\t        <div class=\"edgtf-bli-excerpt\">\n\t\t        Chaque ann\u00e9e, le d\u00e9partement de litt\u00e9rature et langue turque organise un concours d'\u00e9criture d'articles pour mettre en avant les \u00e9crivains et po\u00e8tes turcs.\t\t        \t<div class=\"edgtf-post-read-more-button\">\n\t\t<a itemprop=\"url\" href=\"https:\/\/www.sp.k12.tr\/fr\/liseler-arasi-makale-yarismasi-2\/\" target=\"_self\"  class=\"edgtf-btn edgtf-btn-medium edgtf-btn-simple edgtf-blog-list-button\" data-move=\"strict\" data-text=\"en savoir +\" >    <span class=\"edgtf-btn-text\">en savoir +<\/span>    <\/a>\t<\/div>\n\t        <\/div>\n        <\/div>\n\t<\/div>\n<\/li><li class=\"edgtf-bl-item edgtf-item-space blogLister3\">\n\t<div class=\"edgtf-bli-inner\">\n\t\t\n\t<div class=\"edgtf-post-image\">\n\t\t\t\t\t<a itemprop=\"url\" href=\"https:\/\/www.sp.k12.tr\/fr\/les-eleves-du-lycee-sainte-pulcherie-ont-ete-laureats-du-concours-international-de-folyoso\/\" title=\"Les \u00e9l\u00e8ves du Lyc\u00e9e Sainte Pulch\u00e9rie laur\u00e9ats du Concours International Folyos\u00f3\">\n\t\t\t\t\t<img decoding=\"async\" width=\"1050\" height=\"700\" src=\"https:\/\/www.sp.k12.tr\/wp-content\/uploads\/2023\/11\/23_11_21_FolyosoKazananlar-1.jpg\" class=\"attachment-full size-full wp-post-image\" alt=\"\" srcset=\"https:\/\/www.sp.k12.tr\/wp-content\/uploads\/2023\/11\/23_11_21_FolyosoKazananlar-1.jpg 1050w, https:\/\/www.sp.k12.tr\/wp-content\/uploads\/2023\/11\/23_11_21_FolyosoKazananlar-1-300x200.jpg 300w, https:\/\/www.sp.k12.tr\/wp-content\/uploads\/2023\/11\/23_11_21_FolyosoKazananlar-1-1024x683.jpg 1024w, https:\/\/www.sp.k12.tr\/wp-content\/uploads\/2023\/11\/23_11_21_FolyosoKazananlar-1-768x512.jpg 768w\" sizes=\"(max-width: 1050px) 100vw, 1050px\" \/>\t\t\t\t\t<\/a>\n\t\t\t\t\t<\/div>\n        <div class=\"edgtf-bli-content\">\n                            <div class=\"edgtf-bli-info\">\n\t                <div class=\"edgtf-post-info-category\">\n    <a href=\"https:\/\/www.sp.k12.tr\/fr\/category\/concours\/\" rel=\"category tag\">concours<\/a>, <a href=\"https:\/\/www.sp.k12.tr\/fr\/category\/slayt\/\" rel=\"category tag\">slaytfr<\/a><\/div>                <\/div>\n            \t\n\t        \n<h3 itemprop=\"name\" class=\"entry-title edgtf-post-title\" >\n            <a itemprop=\"url\" href=\"https:\/\/www.sp.k12.tr\/fr\/les-eleves-du-lycee-sainte-pulcherie-ont-ete-laureats-du-concours-international-de-folyoso\/\" title=\"Les \u00e9l\u00e8ves du Lyc\u00e9e Sainte Pulch\u00e9rie laur\u00e9ats du Concours International Folyos\u00f3\">\n            Les \u00e9l\u00e8ves du Lyc\u00e9e Sainte Pulch\u00e9rie laur\u00e9ats du Concours International Folyos\u00f3            <\/a>\n    <\/h3>\t\n\t        <div class=\"edgtf-bli-excerpt\">\n\t\t        Sous la direction de leur enseignante Diana Senechal, les \u00e9l\u00e8ves du Varga Katalin Gimn\u00e1zium de Szolnok, en Hongrie, organisent depuis quatre ans des concours nationaux et internationaux et publient les \u00e9crits de leurs \u00e9l\u00e8ves dans la revue num\u00e9rique litt\u00e9raire et philosophique Folyos\u00f3, qui signifie \"Couloir\" en hongrois. Sainte Pulch\u00e9rie participe \u00e0 ce concours international d'\u00e9criture depuis 3 ans et nous sommes heureux d'annoncer les distinctions de nos \u00e9l\u00e8ves ici encore cette ann\u00e9e.\t\t        \t<div class=\"edgtf-post-read-more-button\">\n\t\t<a itemprop=\"url\" href=\"https:\/\/www.sp.k12.tr\/fr\/les-eleves-du-lycee-sainte-pulcherie-ont-ete-laureats-du-concours-international-de-folyoso\/\" target=\"_self\"  class=\"edgtf-btn edgtf-btn-medium edgtf-btn-simple edgtf-blog-list-button\" data-move=\"strict\" data-text=\"en savoir +\" >    <span class=\"edgtf-btn-text\">en savoir +<\/span>    <\/a>\t<\/div>\n\t        <\/div>\n        <\/div>\n\t<\/div>\n<\/li><li class=\"edgtf-bl-item edgtf-item-space blogLister4\">\n\t<div class=\"edgtf-bli-inner\">\n\t\t\n\t<div class=\"edgtf-post-image\">\n\t\t\t\t\t<a itemprop=\"url\" href=\"https:\/\/www.sp.k12.tr\/fr\/premier-prix-du-concours-de-projets-de-recherche-tubitak\/\" title=\"Premier prix du concours de projets de recherche T\u00fcbitak\">\n\t\t\t\t\t<img loading=\"lazy\" decoding=\"async\" width=\"2560\" height=\"1608\" src=\"https:\/\/www.sp.k12.tr\/wp-content\/uploads\/2023\/04\/23_03_22_TUBITAK_Kazananlar-5-2-scaled.jpg\" class=\"attachment-full size-full wp-post-image\" alt=\"\" srcset=\"https:\/\/www.sp.k12.tr\/wp-content\/uploads\/2023\/04\/23_03_22_TUBITAK_Kazananlar-5-2-scaled.jpg 2560w, https:\/\/www.sp.k12.tr\/wp-content\/uploads\/2023\/04\/23_03_22_TUBITAK_Kazananlar-5-2-300x188.jpg 300w, https:\/\/www.sp.k12.tr\/wp-content\/uploads\/2023\/04\/23_03_22_TUBITAK_Kazananlar-5-2-1024x643.jpg 1024w, https:\/\/www.sp.k12.tr\/wp-content\/uploads\/2023\/04\/23_03_22_TUBITAK_Kazananlar-5-2-768x482.jpg 768w, https:\/\/www.sp.k12.tr\/wp-content\/uploads\/2023\/04\/23_03_22_TUBITAK_Kazananlar-5-2-1536x965.jpg 1536w\" sizes=\"(max-width: 2560px) 100vw, 2560px\" \/>\t\t\t\t\t<\/a>\n\t\t\t\t\t<\/div>\n        <div class=\"edgtf-bli-content\">\n                            <div class=\"edgtf-bli-info\">\n\t                <div class=\"edgtf-post-info-category\">\n    <a href=\"https:\/\/www.sp.k12.tr\/fr\/category\/concours\/\" rel=\"category tag\">concours<\/a>, <a href=\"https:\/\/www.sp.k12.tr\/fr\/category\/slayt\/\" rel=\"category tag\">slaytfr<\/a><\/div>                <\/div>\n            \t\n\t        \n<h3 itemprop=\"name\" class=\"entry-title edgtf-post-title\" >\n            <a itemprop=\"url\" href=\"https:\/\/www.sp.k12.tr\/fr\/premier-prix-du-concours-de-projets-de-recherche-tubitak\/\" title=\"Premier prix du concours de projets de recherche T\u00fcbitak\">\n            Premier prix du concours de projets de recherche T\u00fcbitak            <\/a>\n    <\/h3>\t\n\t        <div class=\"edgtf-bli-excerpt\">\n\t\t        Deux projets pr\u00e9par\u00e9s par des \u00e9l\u00e8ves de notre lyc\u00e9e ont \u00e9t\u00e9 s\u00e9lectionn\u00e9s parmi des milliers d\u2019autres pour participer non seulement \u00e0 la finale r\u00e9gionale du concours T\u00fcbitak mais aussi \u00e0 la finale nationale. C\u2019est durant les journ\u00e9es du 3 et 4 avril, que les \u00e9l\u00e8ves ont tous\u00a0 brillamment fait la pr\u00e9sentation de leur projet devant un jury d\u2019experts.\u00a0\t\t        \t<div class=\"edgtf-post-read-more-button\">\n\t\t<a itemprop=\"url\" href=\"https:\/\/www.sp.k12.tr\/fr\/premier-prix-du-concours-de-projets-de-recherche-tubitak\/\" target=\"_self\"  class=\"edgtf-btn edgtf-btn-medium edgtf-btn-simple edgtf-blog-list-button\" data-move=\"strict\" data-text=\"en savoir +\" >    <span class=\"edgtf-btn-text\">en savoir +<\/span>    <\/a>\t<\/div>\n\t        <\/div>\n        <\/div>\n\t<\/div>\n<\/li><li class=\"edgtf-bl-item edgtf-item-space blogLister5\">\n\t<div class=\"edgtf-bli-inner\">\n\t\t\n\t<div class=\"edgtf-post-image\">\n\t\t\t\t\t<a itemprop=\"url\" href=\"https:\/\/www.sp.k12.tr\/fr\/sparc-va-representer-la-turquie-a-la-competition-first-robotics-de-houston\/\" title=\"SPARC va repr\u00e9senter la Turquie \u00e0 la comp\u00e9tition FIRST Robotics de Houston !\">\n\t\t\t\t\t<img loading=\"lazy\" decoding=\"async\" width=\"1050\" height=\"700\" src=\"https:\/\/www.sp.k12.tr\/wp-content\/uploads\/2023\/04\/23_04_03-09_FRC_NewYorkRegional_RobotikTurnuvasi-22.jpg\" class=\"attachment-full size-full wp-post-image\" alt=\"\" srcset=\"https:\/\/www.sp.k12.tr\/wp-content\/uploads\/2023\/04\/23_04_03-09_FRC_NewYorkRegional_RobotikTurnuvasi-22.jpg 1050w, https:\/\/www.sp.k12.tr\/wp-content\/uploads\/2023\/04\/23_04_03-09_FRC_NewYorkRegional_RobotikTurnuvasi-22-300x200.jpg 300w, https:\/\/www.sp.k12.tr\/wp-content\/uploads\/2023\/04\/23_04_03-09_FRC_NewYorkRegional_RobotikTurnuvasi-22-1024x683.jpg 1024w, https:\/\/www.sp.k12.tr\/wp-content\/uploads\/2023\/04\/23_04_03-09_FRC_NewYorkRegional_RobotikTurnuvasi-22-768x512.jpg 768w\" sizes=\"(max-width: 1050px) 100vw, 1050px\" \/>\t\t\t\t\t<\/a>\n\t\t\t\t\t<\/div>\n        <div class=\"edgtf-bli-content\">\n                            <div class=\"edgtf-bli-info\">\n\t                <div class=\"edgtf-post-info-category\">\n    <a href=\"https:\/\/www.sp.k12.tr\/fr\/category\/concours\/\" rel=\"category tag\">concours<\/a>, <a href=\"https:\/\/www.sp.k12.tr\/fr\/category\/slayt\/\" rel=\"category tag\">slaytfr<\/a>, <a href=\"https:\/\/www.sp.k12.tr\/fr\/category\/travaux-des-eleves\/\" rel=\"category tag\">travaux des \u00e9l\u00e8ves<\/a><\/div>                <\/div>\n            \t\n\t        \n<h3 itemprop=\"name\" class=\"entry-title edgtf-post-title\" >\n            <a itemprop=\"url\" href=\"https:\/\/www.sp.k12.tr\/fr\/sparc-va-representer-la-turquie-a-la-competition-first-robotics-de-houston\/\" title=\"SPARC va repr\u00e9senter la Turquie \u00e0 la comp\u00e9tition FIRST Robotics de Houston !\">\n            SPARC va repr\u00e9senter la Turquie \u00e0 la comp\u00e9tition FIRST Robotics de Houston !            <\/a>\n    <\/h3>\t\n\t        <div class=\"edgtf-bli-excerpt\">\n\t\t        L'\u00e9quipe SPARC s'est qualifi\u00e9e pour repr\u00e9senter la Turquie au FIRST Championship, le plus grand \u00e9v\u00e9nement FIRST qui se tiendra \u00e0 Houston les 19-22 avril 2023. Un ticket d'entr\u00e9e \u00e0 la prestigieuse comp\u00e9tition FIRST Robotique qui vient r\u00e9compenser l'immense travail de l'\u00e9quipe qui a d\u00e9j\u00e0 remport\u00e9 15 prix. \t\t        \t<div class=\"edgtf-post-read-more-button\">\n\t\t<a itemprop=\"url\" href=\"https:\/\/www.sp.k12.tr\/fr\/sparc-va-representer-la-turquie-a-la-competition-first-robotics-de-houston\/\" target=\"_self\"  class=\"edgtf-btn edgtf-btn-medium edgtf-btn-simple edgtf-blog-list-button\" data-move=\"strict\" data-text=\"en savoir +\" >    <span class=\"edgtf-btn-text\">en savoir +<\/span>    <\/a>\t<\/div>\n\t        <\/div>\n        <\/div>\n\t<\/div>\n<\/li><li class=\"edgtf-bl-item edgtf-item-space blogLister6\">\n\t<div class=\"edgtf-bli-inner\">\n\t\t\n\t<div class=\"edgtf-post-image\">\n\t\t\t\t\t<a itemprop=\"url\" href=\"https:\/\/www.sp.k12.tr\/fr\/nos-eleves-distingues-par-la-revue-litteraire-et-philosophique-folyoso\/\" title=\"Nos \u00e9l\u00e8ves distingu\u00e9s par la revue litt\u00e9raire et philosophique Folyos\u00f3\">\n\t\t\t\t\t<img loading=\"lazy\" decoding=\"async\" width=\"1050\" height=\"700\" src=\"https:\/\/www.sp.k12.tr\/wp-content\/uploads\/2022\/11\/22_11_30_FolyosoKazananlar-1.jpg\" class=\"attachment-full size-full wp-post-image\" alt=\"\" srcset=\"https:\/\/www.sp.k12.tr\/wp-content\/uploads\/2022\/11\/22_11_30_FolyosoKazananlar-1.jpg 1050w, https:\/\/www.sp.k12.tr\/wp-content\/uploads\/2022\/11\/22_11_30_FolyosoKazananlar-1-300x200.jpg 300w, https:\/\/www.sp.k12.tr\/wp-content\/uploads\/2022\/11\/22_11_30_FolyosoKazananlar-1-1024x683.jpg 1024w, https:\/\/www.sp.k12.tr\/wp-content\/uploads\/2022\/11\/22_11_30_FolyosoKazananlar-1-768x512.jpg 768w\" sizes=\"(max-width: 1050px) 100vw, 1050px\" \/>\t\t\t\t\t<\/a>\n\t\t\t\t\t<\/div>\n        <div class=\"edgtf-bli-content\">\n                            <div class=\"edgtf-bli-info\">\n\t                <div class=\"edgtf-post-info-category\">\n    <a href=\"https:\/\/www.sp.k12.tr\/fr\/category\/concours\/\" rel=\"category tag\">concours<\/a>, <a href=\"https:\/\/www.sp.k12.tr\/fr\/category\/slayt\/\" rel=\"category tag\">slaytfr<\/a><\/div>                <\/div>\n            \t\n\t        \n<h3 itemprop=\"name\" class=\"entry-title edgtf-post-title\" >\n            <a itemprop=\"url\" href=\"https:\/\/www.sp.k12.tr\/fr\/nos-eleves-distingues-par-la-revue-litteraire-et-philosophique-folyoso\/\" title=\"Nos \u00e9l\u00e8ves distingu\u00e9s par la revue litt\u00e9raire et philosophique Folyos\u00f3\">\n            Nos \u00e9l\u00e8ves distingu\u00e9s par la revue litt\u00e9raire et philosophique Folyos\u00f3            <\/a>\n    <\/h3>\t\n\t        <div class=\"edgtf-bli-excerpt\">\n\t\t        Folyos\u00f3 qui signifie \"corridor\" est un journal litt\u00e9raire et philosophique hongrois. Les \u00e9l\u00e8ves du lyc\u00e9e \"Varga Katalin Gimn\u00e1zium\" situ\u00e9 \u00e0 Szolnok font vivre ce tr\u00e8s s\u00e9rieux projet d'\u00e9dition digitale. Sous la direction de leur professeure de langue et civilisation Diana Senechal \u00e9galement fondatrice de Folyos\u00f3, ils publient deux \u00e9ditions par an en automne et au printemps. Sainte Pulch\u00e9rie a particip\u00e9 pour la 2\u00e8me ann\u00e9e cons\u00e9cutive au concours international d'\u00e9criture lanc\u00e9 par le journal et nous avons le plaisir d'annoncer ici le classement o\u00f9 nos \u00e9l\u00e8ves se sont distingu\u00e9s.\t\t        \t<div class=\"edgtf-post-read-more-button\">\n\t\t<a itemprop=\"url\" href=\"https:\/\/www.sp.k12.tr\/fr\/nos-eleves-distingues-par-la-revue-litteraire-et-philosophique-folyoso\/\" target=\"_self\"  class=\"edgtf-btn edgtf-btn-medium edgtf-btn-simple edgtf-blog-list-button\" data-move=\"strict\" data-text=\"en savoir +\" >    <span class=\"edgtf-btn-text\">en savoir +<\/span>    <\/a>\t<\/div>\n\t        <\/div>\n        <\/div>\n\t<\/div>\n<\/li><li class=\"edgtf-bl-item edgtf-item-space blogLister7\">\n\t<div class=\"edgtf-bli-inner\">\n\t\t\n\t<div class=\"edgtf-post-image\">\n\t\t\t\t\t<a itemprop=\"url\" href=\"https:\/\/www.sp.k12.tr\/fr\/nos-eleves-au-festival-de-sport-de-saint-joseph\/\" title=\"Nos \u00e9l\u00e8ves au festival de sport du Lyc\u00e9e Saint Joseph\">\n\t\t\t\t\t<img loading=\"lazy\" decoding=\"async\" width=\"1050\" height=\"700\" src=\"https:\/\/www.sp.k12.tr\/wp-content\/uploads\/2022\/06\/22_05_20_SportEnFete_SaintJoseph-9-1.jpg\" class=\"attachment-full size-full wp-post-image\" alt=\"\" srcset=\"https:\/\/www.sp.k12.tr\/wp-content\/uploads\/2022\/06\/22_05_20_SportEnFete_SaintJoseph-9-1.jpg 1050w, https:\/\/www.sp.k12.tr\/wp-content\/uploads\/2022\/06\/22_05_20_SportEnFete_SaintJoseph-9-1-300x200.jpg 300w, https:\/\/www.sp.k12.tr\/wp-content\/uploads\/2022\/06\/22_05_20_SportEnFete_SaintJoseph-9-1-1024x683.jpg 1024w, https:\/\/www.sp.k12.tr\/wp-content\/uploads\/2022\/06\/22_05_20_SportEnFete_SaintJoseph-9-1-768x512.jpg 768w\" sizes=\"(max-width: 1050px) 100vw, 1050px\" \/>\t\t\t\t\t<\/a>\n\t\t\t\t\t<\/div>\n        <div class=\"edgtf-bli-content\">\n                            <div class=\"edgtf-bli-info\">\n\t                <div class=\"edgtf-post-info-category\">\n    <a href=\"https:\/\/www.sp.k12.tr\/fr\/category\/concours\/\" rel=\"category tag\">concours<\/a>, <a href=\"https:\/\/www.sp.k12.tr\/fr\/category\/slayt\/\" rel=\"category tag\">slaytfr<\/a>, <a href=\"https:\/\/www.sp.k12.tr\/fr\/category\/sport\/\" rel=\"category tag\">sport<\/a><\/div>                <\/div>\n            \t\n\t        \n<h3 itemprop=\"name\" class=\"entry-title edgtf-post-title\" >\n            <a itemprop=\"url\" href=\"https:\/\/www.sp.k12.tr\/fr\/nos-eleves-au-festival-de-sport-de-saint-joseph\/\" title=\"Nos \u00e9l\u00e8ves au festival de sport du Lyc\u00e9e Saint Joseph\">\n            Nos \u00e9l\u00e8ves au festival de sport du Lyc\u00e9e Saint Joseph            <\/a>\n    <\/h3>\t\n\t        <div class=\"edgtf-bli-excerpt\">\n\t\t        Le Festival de Sport du Lyc\u00e9e Saint Joseph, qui se tient chaque ann\u00e9e avec la participation de tous les lyc\u00e9es fran\u00e7ais de Turquie, s'est tenu les 20-21-22 mai derniers, apr\u00e8s une interruption de deux ans due \u00e0 la pand\u00e9mie.\t\t        \t<div class=\"edgtf-post-read-more-button\">\n\t\t<a itemprop=\"url\" href=\"https:\/\/www.sp.k12.tr\/fr\/nos-eleves-au-festival-de-sport-de-saint-joseph\/\" target=\"_self\"  class=\"edgtf-btn edgtf-btn-medium edgtf-btn-simple edgtf-blog-list-button\" data-move=\"strict\" data-text=\"en savoir +\" >    <span class=\"edgtf-btn-text\">en savoir +<\/span>    <\/a>\t<\/div>\n\t        <\/div>\n        <\/div>\n\t<\/div>\n<\/li><li class=\"edgtf-bl-item edgtf-item-space blogLister8\">\n\t<div class=\"edgtf-bli-inner\">\n\t\t\n\t<div class=\"edgtf-post-image\">\n\t\t\t\t\t<a itemprop=\"url\" href=\"https:\/\/www.sp.k12.tr\/fr\/buzzons-contre-le-sexisme-2\/\" title=\"Buzzons contre le sexisme !\">\n\t\t\t\t\t<img loading=\"lazy\" decoding=\"async\" width=\"1050\" height=\"700\" src=\"https:\/\/www.sp.k12.tr\/wp-content\/uploads\/2022\/06\/buzzons.png\" class=\"attachment-full size-full wp-post-image\" alt=\"\" srcset=\"https:\/\/www.sp.k12.tr\/wp-content\/uploads\/2022\/06\/buzzons.png 1050w, https:\/\/www.sp.k12.tr\/wp-content\/uploads\/2022\/06\/buzzons-300x200.png 300w, https:\/\/www.sp.k12.tr\/wp-content\/uploads\/2022\/06\/buzzons-1024x683.png 1024w, https:\/\/www.sp.k12.tr\/wp-content\/uploads\/2022\/06\/buzzons-768x512.png 768w\" sizes=\"(max-width: 1050px) 100vw, 1050px\" \/>\t\t\t\t\t<\/a>\n\t\t\t\t\t<\/div>\n        <div class=\"edgtf-bli-content\">\n                            <div class=\"edgtf-bli-info\">\n\t                <div class=\"edgtf-post-info-category\">\n    <a href=\"https:\/\/www.sp.k12.tr\/fr\/category\/concours\/\" rel=\"category tag\">concours<\/a>, <a href=\"https:\/\/www.sp.k12.tr\/fr\/category\/slayt\/\" rel=\"category tag\">slaytfr<\/a>, <a href=\"https:\/\/www.sp.k12.tr\/fr\/category\/travaux-des-eleves\/\" rel=\"category tag\">travaux des \u00e9l\u00e8ves<\/a><\/div>                <\/div>\n            \t\n\t        \n<h3 itemprop=\"name\" class=\"entry-title edgtf-post-title\" >\n            <a itemprop=\"url\" href=\"https:\/\/www.sp.k12.tr\/fr\/buzzons-contre-le-sexisme-2\/\" title=\"Buzzons contre le sexisme !\">\n            Buzzons contre le sexisme !            <\/a>\n    <\/h3>\t\n\t        <div class=\"edgtf-bli-excerpt\">\n\t\t        En cours de fran\u00e7ais se\u00e7meli, la troisi\u00e8me s\u00e9quence de l\u2019ann\u00e9e porte sur les st\u00e9r\u00e9otypes et les discriminations de genre. Encore une fois, les productions des \u00e9l\u00e8ves de 11e TM visant \u00e0 sensibiliser \u00e0 l'une des formes de st\u00e9r\u00e9otypes sexistes ont \u00e9t\u00e9 tr\u00e8s appr\u00e9ci\u00e9es dans le cadre du concours international BUZZONS CONTRE LE SEXISME !\t\t        \t<div class=\"edgtf-post-read-more-button\">\n\t\t<a itemprop=\"url\" href=\"https:\/\/www.sp.k12.tr\/fr\/buzzons-contre-le-sexisme-2\/\" target=\"_self\"  class=\"edgtf-btn edgtf-btn-medium edgtf-btn-simple edgtf-blog-list-button\" data-move=\"strict\" data-text=\"en savoir +\" >    <span class=\"edgtf-btn-text\">en savoir +<\/span>    <\/a>\t<\/div>\n\t        <\/div>\n        <\/div>\n\t<\/div>\n<\/li>\t\t<\/ul>\n\t<\/div>\n\t\t<div class=\"edgtf-blog-pag-loading\">\n\t\t<div class=\"edgtf-blog-pag-bounce1\"><\/div>\n\t\t<div class=\"edgtf-blog-pag-bounce2\"><\/div>\n\t\t<div class=\"edgtf-blog-pag-bounce3\"><\/div>\n\t<\/div>\n\t<div class=\"edgtf-blog-pag-load-more\">\n\t\t<a itemprop=\"url\" href=\"#\" target=\"_self\"  class=\"edgtf-btn edgtf-btn-medium edgtf-btn-solid\" data-move=\"strict\" data-text=\"Charger Plus\" >    <span class=\"edgtf-btn-text\">Charger Plus<\/span>    <\/a>\t<\/div>\n<input type=\"hidden\" id=\"qodef_blog_load_more_nonce_1254\" name=\"qodef_blog_load_more_nonce_1254\" value=\"281cf113f9\" \/><input type=\"hidden\" name=\"_wp_http_referer\" value=\"\/fr\/wp-json\/wp\/v2\/pages\/35933\" \/><\/div>[\/vc_column][\/vc_row][\/vc_section]<\/p>\n","protected":false},"excerpt":{"rendered":"<p>[vc_row el_class=\u00a0\u00bbmakaleButtons\u00a0\u00bb css=\u00a0\u00bb.vc_custom_1598510313114{margin-bottom: 40px !important;}\u00a0\u00bb][vc_column][\/vc_column][\/vc_row][vc_section el_class=\u00a0\u00bbhomeContainer\u00a0\u00bb css=\u00a0\u00bb.vc_custom_1598510331649{padding-top: 40px !important;}\u00a0\u00bb][vc_row el_class=\u00a0\u00bbhaberCont\u00a0\u00bb][vc_column][\/vc_column][\/vc_row][\/vc_section]<\/p>\n","protected":false},"author":1,"featured_media":33491,"parent":34205,"menu_order":0,"comment_status":"closed","ping_status":"closed","template":"","meta":{"_monsterinsights_skip_tracking":false,"_monsterinsights_sitenote_active":false,"_monsterinsights_sitenote_note":"","_monsterinsights_sitenote_category":0,"footnotes":""},"categories":[],"tags":[],"class_list":["post-35933","page","type-page","status-publish","has-post-thumbnail","hentry"],"_links":{"self":[{"href":"https:\/\/www.sp.k12.tr\/fr\/wp-json\/wp\/v2\/pages\/35933","targetHints":{"allow":["GET"]}}],"collection":[{"href":"https:\/\/www.sp.k12.tr\/fr\/wp-json\/wp\/v2\/pages"}],"about":[{"href":"https:\/\/www.sp.k12.tr\/fr\/wp-json\/wp\/v2\/types\/page"}],"author":[{"embeddable":true,"href":"https:\/\/www.sp.k12.tr\/fr\/wp-json\/wp\/v2\/users\/1"}],"replies":[{"embeddable":true,"href":"https:\/\/www.sp.k12.tr\/fr\/wp-json\/wp\/v2\/comments?post=35933"}],"version-history":[{"count":0,"href":"https:\/\/www.sp.k12.tr\/fr\/wp-json\/wp\/v2\/pages\/35933\/revisions"}],"up":[{"embeddable":true,"href":"https:\/\/www.sp.k12.tr\/fr\/wp-json\/wp\/v2\/pages\/34205"}],"wp:featuredmedia":[{"embeddable":true,"href":"https:\/\/www.sp.k12.tr\/fr\/wp-json\/wp\/v2\/media\/33491"}],"wp:attachment":[{"href":"https:\/\/www.sp.k12.tr\/fr\/wp-json\/wp\/v2\/media?parent=35933"}],"wp:term":[{"taxonomy":"category","embeddable":true,"href":"https:\/\/www.sp.k12.tr\/fr\/wp-json\/wp\/v2\/categories?post=35933"},{"taxonomy":"post_tag","embeddable":true,"href":"https:\/\/www.sp.k12.tr\/fr\/wp-json\/wp\/v2\/tags?post=35933"}],"curies":[{"name":"wp","href":"https:\/\/api.w.org\/{rel}","templated":true}]}}