{"id":35929,"date":"2020-08-27T10:19:52","date_gmt":"2020-08-27T07:19:52","guid":{"rendered":"https:\/\/www.sp.k12.tr\/?page_id=35929"},"modified":"2020-08-27T10:50:10","modified_gmt":"2020-08-27T07:50:10","slug":"ceremonie-et-histoire","status":"publish","type":"page","link":"https:\/\/www.sp.k12.tr\/fr\/actualites\/ceremonie-et-histoire\/","title":{"rendered":"C\u00e9r\u00e9monie et histoire"},"content":{"rendered":"<p>[vc_row el_class=\u00a0\u00bbmakaleButtons\u00a0\u00bb css=\u00a0\u00bb.vc_custom_1598510313114{margin-bottom: 40px !important;}\u00a0\u00bb][vc_column]<a itemprop=\"url\" href=\"https:\/\/www.sp.k12.tr\/fr\/actualites\" target=\"_self\"  class=\"edgtf-btn edgtf-btn-medium edgtf-btn-outline\" data-move=\"strict\" data-text=\"tous les actualit\u00e9s\" >\n    <span class=\"edgtf-btn-text\">tous les actualit\u00e9s<\/span>\n    <\/a><a itemprop=\"url\" href=\"https:\/\/www.sp.k12.tr\/fr\/actualites\/travaux-des-eleves\/\" target=\"_self\"  class=\"edgtf-btn edgtf-btn-medium edgtf-btn-outline\" data-move=\"strict\" data-text=\"travaux des \u00e9l\u00e8ves\" >\n    <span class=\"edgtf-btn-text\">travaux des \u00e9l\u00e8ves<\/span>\n    <\/a><a itemprop=\"url\" href=\"https:\/\/www.sp.k12.tr\/fr\/actualites\/rencontres\/\" target=\"_self\"  class=\"edgtf-btn edgtf-btn-medium edgtf-btn-outline\" data-move=\"strict\" data-text=\"rencontres\" >\n    <span class=\"edgtf-btn-text\">rencontres<\/span>\n    <\/a><a itemprop=\"url\" href=\"https:\/\/www.sp.k12.tr\/fr\/actualites\/general\/\" target=\"_self\"  class=\"edgtf-btn edgtf-btn-medium edgtf-btn-outline\" data-move=\"strict\" data-text=\"g\u00e9n\u00e9ral\" >\n    <span class=\"edgtf-btn-text\">g\u00e9n\u00e9ral<\/span>\n    <\/a><a itemprop=\"url\" href=\"https:\/\/www.sp.k12.tr\/fr\/actualites\/ceremonie-et-histoire\/\" target=\"_self\" style=\"color: #ffffff\" class=\"edgtf-btn edgtf-btn-medium edgtf-btn-outline activeBtn\" data-move=\"strict\" data-text=\"c\u00e9r\u00e9monie et histoire\" >\n    <span class=\"edgtf-btn-text\">c\u00e9r\u00e9monie et histoire<\/span>\n    <\/a><a itemprop=\"url\" href=\"https:\/\/www.sp.k12.tr\/fr\/actualites\/art-au-lycee\/\" target=\"_self\"  class=\"edgtf-btn edgtf-btn-medium edgtf-btn-outline\" data-move=\"strict\" data-text=\"art au lyc\u00e9e\" >\n    <span class=\"edgtf-btn-text\">art au lyc\u00e9e<\/span>\n    <\/a><a itemprop=\"url\" href=\"https:\/\/www.sp.k12.tr\/fr\/actualites\/concours\/\" target=\"_self\"  class=\"edgtf-btn edgtf-btn-medium edgtf-btn-outline\" data-move=\"strict\" data-text=\"concours\" >\n    <span class=\"edgtf-btn-text\">concours<\/span>\n    <\/a><a itemprop=\"url\" href=\"https:\/\/www.sp.k12.tr\/fr\/actualites\/voyages-et-sorties\/\" target=\"_self\"  class=\"edgtf-btn edgtf-btn-medium edgtf-btn-outline\" data-move=\"strict\" data-text=\"voyages et sorties\" >\n    <span class=\"edgtf-btn-text\">voyages et sorties<\/span>\n    <\/a><a itemprop=\"url\" href=\"https:\/\/www.sp.k12.tr\/fr\/actualites\/developpement-durable\/\" target=\"_self\"  class=\"edgtf-btn edgtf-btn-medium edgtf-btn-outline\" data-move=\"strict\" data-text=\"d\u00e9veloppement durable\" >\n    <span class=\"edgtf-btn-text\">d\u00e9veloppement durable<\/span>\n    <\/a>[\/vc_column][\/vc_row][vc_section el_class=\u00a0\u00bbhomeContainer\u00a0\u00bb css=\u00a0\u00bb.vc_custom_1598510331649{padding-top: 40px !important;}\u00a0\u00bb][vc_row el_class=\u00a0\u00bbhaberCont\u00a0\u00bb][vc_column]<div class=\"edgtf-blog-list-holder edgtf-grid-list edgtf-grid-masonry-list edgtf-bl-masonry edgtf-two-columns  edgtf-huge-space edgtf-bl-pag-load-more\"  data-type=masonry data-number-of-posts=8 data-number-of-columns=two data-space-between-items=huge data-category=ceremonies-et-histoire data-orderby=date data-order=DESC data-image-size=full data-title-tag=h3 data-excerpt-length=0 data-post-info-section=yes data-post-info-image=yes data-post-info-author=no data-post-info-date=no data-post-info-category=yes data-post-info-comments=no data-post-info-like=no data-post-info-share=no data-pagination-type=load-more data-max-num-pages=12 data-next-page=2>\n\t<div class=\"edgtf-bl-wrapper edgtf-outer-space\">\n\t\t<ul class=\"edgtf-blog-list edgtf-masonry-list-wrapper\">\n\t\t\t<!--<li class=\"edgtf-masonry-grid-sizer\"><\/li>\n\t\t\t<li class=\"edgtf-masonry-grid-gutter\"><\/li>-->\n\t\t\t<li class=\"edgtf-bl-item edgtf-item-space blogLister1\">\n\t<div class=\"edgtf-bli-inner\">\n\t\t\n\t<div class=\"edgtf-post-image\">\n\t\t\t\t\t<a itemprop=\"url\" href=\"https:\/\/www.sp.k12.tr\/fr\/10-kasim-ataturku-anma-toreni-2\/\" title=\"10 novembre Comm\u00e9moration d&rsquo;Atat\u00fcrk\">\n\t\t\t\t\t<img fetchpriority=\"high\" decoding=\"async\" width=\"1050\" height=\"700\" src=\"https:\/\/www.sp.k12.tr\/wp-content\/uploads\/2023\/11\/23_11_10_10KasimToreni-20.jpg\" class=\"attachment-full size-full wp-post-image\" alt=\"\" srcset=\"https:\/\/www.sp.k12.tr\/wp-content\/uploads\/2023\/11\/23_11_10_10KasimToreni-20.jpg 1050w, https:\/\/www.sp.k12.tr\/wp-content\/uploads\/2023\/11\/23_11_10_10KasimToreni-20-300x200.jpg 300w, https:\/\/www.sp.k12.tr\/wp-content\/uploads\/2023\/11\/23_11_10_10KasimToreni-20-1024x683.jpg 1024w, https:\/\/www.sp.k12.tr\/wp-content\/uploads\/2023\/11\/23_11_10_10KasimToreni-20-768x512.jpg 768w\" sizes=\"(max-width: 1050px) 100vw, 1050px\" \/>\t\t\t\t\t<\/a>\n\t\t\t\t\t<\/div>\n        <div class=\"edgtf-bli-content\">\n                            <div class=\"edgtf-bli-info\">\n\t                <div class=\"edgtf-post-info-category\">\n    <a href=\"https:\/\/www.sp.k12.tr\/fr\/category\/ceremonies-et-histoire\/\" rel=\"category tag\">c\u00e9r\u00e9monies et histoire<\/a>, <a href=\"https:\/\/www.sp.k12.tr\/fr\/category\/slayt\/\" rel=\"category tag\">slaytfr<\/a><\/div>                <\/div>\n            \t\n\t        \n<h3 itemprop=\"name\" class=\"entry-title edgtf-post-title\" >\n            <a itemprop=\"url\" href=\"https:\/\/www.sp.k12.tr\/fr\/10-kasim-ataturku-anma-toreni-2\/\" title=\"10 novembre Comm\u00e9moration d&rsquo;Atat\u00fcrk\">\n            10 novembre Comm\u00e9moration d&rsquo;Atat\u00fcrk            <\/a>\n    <\/h3>\t\n\t        <div class=\"edgtf-bli-excerpt\">\n\t\t        Le lundi 10 novembre 2014, avec toute notre \u00e9cole, nos \u00e9l\u00e8ves et nos enseignants, nous avons comm\u00e9mor\u00e9 notre \u2018Ata\u2019 (p\u00e8re) avec respect et amour \u00e0 l'occasion du 85e anniversaire de sa mort.\t\t        \t<div class=\"edgtf-post-read-more-button\">\n\t\t<a itemprop=\"url\" href=\"https:\/\/www.sp.k12.tr\/fr\/10-kasim-ataturku-anma-toreni-2\/\" target=\"_self\"  class=\"edgtf-btn edgtf-btn-medium edgtf-btn-simple edgtf-blog-list-button\" data-move=\"strict\" data-text=\"en savoir +\" >    <span class=\"edgtf-btn-text\">en savoir +<\/span>    <\/a>\t<\/div>\n\t        <\/div>\n        <\/div>\n\t<\/div>\n<\/li><li class=\"edgtf-bl-item edgtf-item-space blogLister2\">\n\t<div class=\"edgtf-bli-inner\">\n\t\t\n\t<div class=\"edgtf-post-image\">\n\t\t\t\t\t<a itemprop=\"url\" href=\"https:\/\/www.sp.k12.tr\/fr\/rayonnement-de-notre-republique-a-loccasion-de-son-centenaire\/\" title=\"Rayonnement de notre R\u00e9publique \u00e0 l&rsquo;occasion de son centenaire\">\n\t\t\t\t\t<img decoding=\"async\" width=\"1050\" height=\"700\" src=\"https:\/\/www.sp.k12.tr\/wp-content\/uploads\/2023\/10\/23_10_27_29EkimToreni-67.jpg\" class=\"attachment-full size-full wp-post-image\" alt=\"\" srcset=\"https:\/\/www.sp.k12.tr\/wp-content\/uploads\/2023\/10\/23_10_27_29EkimToreni-67.jpg 1050w, https:\/\/www.sp.k12.tr\/wp-content\/uploads\/2023\/10\/23_10_27_29EkimToreni-67-300x200.jpg 300w, https:\/\/www.sp.k12.tr\/wp-content\/uploads\/2023\/10\/23_10_27_29EkimToreni-67-1024x683.jpg 1024w, https:\/\/www.sp.k12.tr\/wp-content\/uploads\/2023\/10\/23_10_27_29EkimToreni-67-768x512.jpg 768w\" sizes=\"(max-width: 1050px) 100vw, 1050px\" \/>\t\t\t\t\t<\/a>\n\t\t\t\t\t<\/div>\n        <div class=\"edgtf-bli-content\">\n                            <div class=\"edgtf-bli-info\">\n\t                <div class=\"edgtf-post-info-category\">\n    <a href=\"https:\/\/www.sp.k12.tr\/fr\/category\/ceremonies-et-histoire\/\" rel=\"category tag\">c\u00e9r\u00e9monies et histoire<\/a>, <a href=\"https:\/\/www.sp.k12.tr\/fr\/category\/slayt\/\" rel=\"category tag\">slaytfr<\/a><\/div>                <\/div>\n            \t\n\t        \n<h3 itemprop=\"name\" class=\"entry-title edgtf-post-title\" >\n            <a itemprop=\"url\" href=\"https:\/\/www.sp.k12.tr\/fr\/rayonnement-de-notre-republique-a-loccasion-de-son-centenaire\/\" title=\"Rayonnement de notre R\u00e9publique \u00e0 l&rsquo;occasion de son centenaire\">\n            Rayonnement de notre R\u00e9publique \u00e0 l&rsquo;occasion de son centenaire            <\/a>\n    <\/h3>\t\n\t        <div class=\"edgtf-bli-excerpt\">\n\t\t        Aujourd'hui est une grande f\u00eate pour nous tous car nous c\u00e9l\u00e9brons le centenaire de notre r\u00e9publique ! En tant que membres de la grande nation turque, nous sommes dans la joie et l'excitation les plus profondes de c\u00e9l\u00e9brer ce jour sacr\u00e9.\t\t        \t<div class=\"edgtf-post-read-more-button\">\n\t\t<a itemprop=\"url\" href=\"https:\/\/www.sp.k12.tr\/fr\/rayonnement-de-notre-republique-a-loccasion-de-son-centenaire\/\" target=\"_self\"  class=\"edgtf-btn edgtf-btn-medium edgtf-btn-simple edgtf-blog-list-button\" data-move=\"strict\" data-text=\"en savoir +\" >    <span class=\"edgtf-btn-text\">en savoir +<\/span>    <\/a>\t<\/div>\n\t        <\/div>\n        <\/div>\n\t<\/div>\n<\/li><li class=\"edgtf-bl-item edgtf-item-space blogLister3\">\n\t<div class=\"edgtf-bli-inner\">\n\t\t\n\t<div class=\"edgtf-post-image\">\n\t\t\t\t\t<a itemprop=\"url\" href=\"https:\/\/www.sp.k12.tr\/fr\/hommage-a-anitkabir-celebration-du-centenaire-de-la-republique-turque\/\" title=\"Hommage \u00e0 An\u0131tkabir : c\u00e9l\u00e9bration du centenaire de la R\u00e9publique Turque\">\n\t\t\t\t\t<img decoding=\"async\" width=\"768\" height=\"1050\" src=\"https:\/\/www.sp.k12.tr\/wp-content\/uploads\/2023\/10\/23_10_12_VisitAnitkabir_LyceesFrancophones-32.jpg\" class=\"attachment-full size-full wp-post-image\" alt=\"\" srcset=\"https:\/\/www.sp.k12.tr\/wp-content\/uploads\/2023\/10\/23_10_12_VisitAnitkabir_LyceesFrancophones-32.jpg 768w, https:\/\/www.sp.k12.tr\/wp-content\/uploads\/2023\/10\/23_10_12_VisitAnitkabir_LyceesFrancophones-32-219x300.jpg 219w, https:\/\/www.sp.k12.tr\/wp-content\/uploads\/2023\/10\/23_10_12_VisitAnitkabir_LyceesFrancophones-32-749x1024.jpg 749w\" sizes=\"(max-width: 768px) 100vw, 768px\" \/>\t\t\t\t\t<\/a>\n\t\t\t\t\t<\/div>\n        <div class=\"edgtf-bli-content\">\n                            <div class=\"edgtf-bli-info\">\n\t                <div class=\"edgtf-post-info-category\">\n    <a href=\"https:\/\/www.sp.k12.tr\/fr\/category\/ceremonies-et-histoire\/\" rel=\"category tag\">c\u00e9r\u00e9monies et histoire<\/a>, <a href=\"https:\/\/www.sp.k12.tr\/fr\/category\/slayt\/\" rel=\"category tag\">slaytfr<\/a><\/div>                <\/div>\n            \t\n\t        \n<h3 itemprop=\"name\" class=\"entry-title edgtf-post-title\" >\n            <a itemprop=\"url\" href=\"https:\/\/www.sp.k12.tr\/fr\/hommage-a-anitkabir-celebration-du-centenaire-de-la-republique-turque\/\" title=\"Hommage \u00e0 An\u0131tkabir : c\u00e9l\u00e9bration du centenaire de la R\u00e9publique Turque\">\n            Hommage \u00e0 An\u0131tkabir : c\u00e9l\u00e9bration du centenaire de la R\u00e9publique Turque            <\/a>\n    <\/h3>\t\n\t        <div class=\"edgtf-bli-excerpt\">\n\t\t        Depuis la rentr\u00e9e, diverses activit\u00e9s ont \u00e9t\u00e9 orchestr\u00e9es pour marquer le centenaire de la R\u00e9publique Turque. La semaine derni\u00e8re, une excursion \u00e0 An\u0131tkabir a \u00e9t\u00e9 planifi\u00e9e afin de rendre hommage au visionnaire fondateur d'une R\u00e9publique turque la\u00efque et moderne. Revenons en mots sur ce voyage \u00e9mouvant en pr\u00e9sence des \u00e9l\u00e8ves et repr\u00e9sentants des diff\u00e9rents lyc\u00e9es francophones.\t\t        \t<div class=\"edgtf-post-read-more-button\">\n\t\t<a itemprop=\"url\" href=\"https:\/\/www.sp.k12.tr\/fr\/hommage-a-anitkabir-celebration-du-centenaire-de-la-republique-turque\/\" target=\"_self\"  class=\"edgtf-btn edgtf-btn-medium edgtf-btn-simple edgtf-blog-list-button\" data-move=\"strict\" data-text=\"en savoir +\" >    <span class=\"edgtf-btn-text\">en savoir +<\/span>    <\/a>\t<\/div>\n\t        <\/div>\n        <\/div>\n\t<\/div>\n<\/li><li class=\"edgtf-bl-item edgtf-item-space blogLister4\">\n\t<div class=\"edgtf-bli-inner\">\n\t\t\n\t<div class=\"edgtf-post-image\">\n\t\t\t\t\t<a itemprop=\"url\" href=\"https:\/\/www.sp.k12.tr\/fr\/visite-de-lexposition-lausanne-1923-les-debuts-il-y-a-un-sciecle\/\" title=\"Visite de l&rsquo;exposition \u00ab\u00a0Lausanne 1923 \/ Les d\u00e9buts il y a un si\u00e8cle\u00a0\u00bb\">\n\t\t\t\t\t<img loading=\"lazy\" decoding=\"async\" width=\"1050\" height=\"700\" src=\"https:\/\/www.sp.k12.tr\/wp-content\/uploads\/2023\/10\/23_10_10_SergiZiyareti_Lozan1923-14.jpg\" class=\"attachment-full size-full wp-post-image\" alt=\"\" srcset=\"https:\/\/www.sp.k12.tr\/wp-content\/uploads\/2023\/10\/23_10_10_SergiZiyareti_Lozan1923-14.jpg 1050w, https:\/\/www.sp.k12.tr\/wp-content\/uploads\/2023\/10\/23_10_10_SergiZiyareti_Lozan1923-14-300x200.jpg 300w, https:\/\/www.sp.k12.tr\/wp-content\/uploads\/2023\/10\/23_10_10_SergiZiyareti_Lozan1923-14-1024x683.jpg 1024w, https:\/\/www.sp.k12.tr\/wp-content\/uploads\/2023\/10\/23_10_10_SergiZiyareti_Lozan1923-14-768x512.jpg 768w\" sizes=\"(max-width: 1050px) 100vw, 1050px\" \/>\t\t\t\t\t<\/a>\n\t\t\t\t\t<\/div>\n        <div class=\"edgtf-bli-content\">\n                            <div class=\"edgtf-bli-info\">\n\t                <div class=\"edgtf-post-info-category\">\n    <a href=\"https:\/\/www.sp.k12.tr\/fr\/category\/ceremonies-et-histoire\/\" rel=\"category tag\">c\u00e9r\u00e9monies et histoire<\/a>, <a href=\"https:\/\/www.sp.k12.tr\/fr\/category\/slayt\/\" rel=\"category tag\">slaytfr<\/a>, <a href=\"https:\/\/www.sp.k12.tr\/fr\/category\/voyages-et-sorties\/\" rel=\"category tag\">voyages et sorties<\/a><\/div>                <\/div>\n            \t\n\t        \n<h3 itemprop=\"name\" class=\"entry-title edgtf-post-title\" >\n            <a itemprop=\"url\" href=\"https:\/\/www.sp.k12.tr\/fr\/visite-de-lexposition-lausanne-1923-les-debuts-il-y-a-un-sciecle\/\" title=\"Visite de l&rsquo;exposition \u00ab\u00a0Lausanne 1923 \/ Les d\u00e9buts il y a un si\u00e8cle\u00a0\u00bb\">\n            Visite de l&rsquo;exposition \u00ab\u00a0Lausanne 1923 \/ Les d\u00e9buts il y a un si\u00e8cle\u00a0\u00bb            <\/a>\n    <\/h3>\t\n\t        <div class=\"edgtf-bli-excerpt\">\n\t\t        Dans le cadre des c\u00e9l\u00e9brations du 100\u00e8me anniversaire de notre R\u00e9publique, nous avons visit\u00e9, avec nos \u00e9l\u00e8ves de 12\u00e8me, deux expositions. L'une \u00e9tait consacr\u00e9e au Trait\u00e9 de Lausanne, pierre fondatrice de la R\u00e9publique, et l'autre \u00e0 l'histoire d'Istanbul. Les \u00e9l\u00e8ves \u00e9taient accompagn\u00e9s par leurs professeurs d'histoire Mme Lale et Mme I\u015f\u0131l.\u00a0\t\t        \t<div class=\"edgtf-post-read-more-button\">\n\t\t<a itemprop=\"url\" href=\"https:\/\/www.sp.k12.tr\/fr\/visite-de-lexposition-lausanne-1923-les-debuts-il-y-a-un-sciecle\/\" target=\"_self\"  class=\"edgtf-btn edgtf-btn-medium edgtf-btn-simple edgtf-blog-list-button\" data-move=\"strict\" data-text=\"en savoir +\" >    <span class=\"edgtf-btn-text\">en savoir +<\/span>    <\/a>\t<\/div>\n\t        <\/div>\n        <\/div>\n\t<\/div>\n<\/li><li class=\"edgtf-bl-item edgtf-item-space blogLister5\">\n\t<div class=\"edgtf-bli-inner\">\n\t\t\n\t<div class=\"edgtf-post-image\">\n\t\t\t\t\t<a itemprop=\"url\" href=\"https:\/\/www.sp.k12.tr\/fr\/nous-sommes-rentree-dans-lannee-scolaire-2023-2024-2023-2024-egitim-ogretim-yilina-adim-attik\/\" title=\"Nous sommes entr\u00e9s dans l&rsquo;ann\u00e9e scolaire 2023-2024 !\">\n\t\t\t\t\t<img loading=\"lazy\" decoding=\"async\" width=\"1050\" height=\"700\" src=\"https:\/\/www.sp.k12.tr\/wp-content\/uploads\/2023\/09\/23_09_01_Rentree-16.jpg\" class=\"attachment-full size-full wp-post-image\" alt=\"\" srcset=\"https:\/\/www.sp.k12.tr\/wp-content\/uploads\/2023\/09\/23_09_01_Rentree-16.jpg 1050w, https:\/\/www.sp.k12.tr\/wp-content\/uploads\/2023\/09\/23_09_01_Rentree-16-300x200.jpg 300w, https:\/\/www.sp.k12.tr\/wp-content\/uploads\/2023\/09\/23_09_01_Rentree-16-1024x683.jpg 1024w, https:\/\/www.sp.k12.tr\/wp-content\/uploads\/2023\/09\/23_09_01_Rentree-16-768x512.jpg 768w\" sizes=\"(max-width: 1050px) 100vw, 1050px\" \/>\t\t\t\t\t<\/a>\n\t\t\t\t\t<\/div>\n        <div class=\"edgtf-bli-content\">\n                            <div class=\"edgtf-bli-info\">\n\t                <div class=\"edgtf-post-info-category\">\n    <a href=\"https:\/\/www.sp.k12.tr\/fr\/category\/ceremonies-et-histoire\/\" rel=\"category tag\">c\u00e9r\u00e9monies et histoire<\/a>, <a href=\"https:\/\/www.sp.k12.tr\/fr\/category\/slayt\/\" rel=\"category tag\">slaytfr<\/a><\/div>                <\/div>\n            \t\n\t        \n<h3 itemprop=\"name\" class=\"entry-title edgtf-post-title\" >\n            <a itemprop=\"url\" href=\"https:\/\/www.sp.k12.tr\/fr\/nous-sommes-rentree-dans-lannee-scolaire-2023-2024-2023-2024-egitim-ogretim-yilina-adim-attik\/\" title=\"Nous sommes entr\u00e9s dans l&rsquo;ann\u00e9e scolaire 2023-2024 !\">\n            Nous sommes entr\u00e9s dans l&rsquo;ann\u00e9e scolaire 2023-2024 !            <\/a>\n    <\/h3>\t\n\t        <div class=\"edgtf-bli-excerpt\">\n\t\t        Ce vendredi 1 septembre, nos \u00e9l\u00e8ves se sont rassembl\u00e9s t\u00f4t dans la cour autour de ce moment tant attendu, peut \u00eatre m\u00eame redout\u00e9 par certains : la c\u00e9r\u00e9monie de la rentr\u00e9e scolaire. \r\nUne rentr\u00e9e qui s'est faite sous le soleil de cette fin d\u2019\u00e9t\u00e9...\r\n\r\n\t\t        \t<div class=\"edgtf-post-read-more-button\">\n\t\t<a itemprop=\"url\" href=\"https:\/\/www.sp.k12.tr\/fr\/nous-sommes-rentree-dans-lannee-scolaire-2023-2024-2023-2024-egitim-ogretim-yilina-adim-attik\/\" target=\"_self\"  class=\"edgtf-btn edgtf-btn-medium edgtf-btn-simple edgtf-blog-list-button\" data-move=\"strict\" data-text=\"en savoir +\" >    <span class=\"edgtf-btn-text\">en savoir +<\/span>    <\/a>\t<\/div>\n\t        <\/div>\n        <\/div>\n\t<\/div>\n<\/li><li class=\"edgtf-bl-item edgtf-item-space blogLister6\">\n\t<div class=\"edgtf-bli-inner\">\n\t\t\n\t<div class=\"edgtf-post-image\">\n\t\t\t\t\t<a itemprop=\"url\" href=\"https:\/\/www.sp.k12.tr\/fr\/ceremonie-de-remise-des-diplomes\/\" title=\"C\u00e9r\u00e9monie de remise des dipl\u00f4mes\">\n\t\t\t\t\t<img loading=\"lazy\" decoding=\"async\" width=\"1050\" height=\"700\" src=\"https:\/\/www.sp.k12.tr\/wp-content\/uploads\/2023\/06\/23_06_19_DiplomaToreni-121bis1.jpg\" class=\"attachment-full size-full wp-post-image\" alt=\"\" srcset=\"https:\/\/www.sp.k12.tr\/wp-content\/uploads\/2023\/06\/23_06_19_DiplomaToreni-121bis1.jpg 1050w, https:\/\/www.sp.k12.tr\/wp-content\/uploads\/2023\/06\/23_06_19_DiplomaToreni-121bis1-300x200.jpg 300w, https:\/\/www.sp.k12.tr\/wp-content\/uploads\/2023\/06\/23_06_19_DiplomaToreni-121bis1-1024x683.jpg 1024w, https:\/\/www.sp.k12.tr\/wp-content\/uploads\/2023\/06\/23_06_19_DiplomaToreni-121bis1-768x512.jpg 768w\" sizes=\"(max-width: 1050px) 100vw, 1050px\" \/>\t\t\t\t\t<\/a>\n\t\t\t\t\t<\/div>\n        <div class=\"edgtf-bli-content\">\n                            <div class=\"edgtf-bli-info\">\n\t                <div class=\"edgtf-post-info-category\">\n    <a href=\"https:\/\/www.sp.k12.tr\/fr\/category\/ceremonies-et-histoire\/\" rel=\"category tag\">c\u00e9r\u00e9monies et histoire<\/a><\/div>                <\/div>\n            \t\n\t        \n<h3 itemprop=\"name\" class=\"entry-title edgtf-post-title\" >\n            <a itemprop=\"url\" href=\"https:\/\/www.sp.k12.tr\/fr\/ceremonie-de-remise-des-diplomes\/\" title=\"C\u00e9r\u00e9monie de remise des dipl\u00f4mes\">\n            C\u00e9r\u00e9monie de remise des dipl\u00f4mes            <\/a>\n    <\/h3>\t\n\t        <div class=\"edgtf-bli-excerpt\">\n\t\t        Ce lundi 19 juin les \u00e9l\u00e8ves de la promotion 177 ont re\u00e7u leurs dipl\u00f4mes devant leurs parents, familles et amis. Tous \u00e9taient r\u00e9unis pour c\u00e9l\u00e9brer ensemble ce moment de joie, v\u00e9ritable temps fort de la vie de nos \u00e9l\u00e8ves et du lyc\u00e9e.\t\t        \t<div class=\"edgtf-post-read-more-button\">\n\t\t<a itemprop=\"url\" href=\"https:\/\/www.sp.k12.tr\/fr\/ceremonie-de-remise-des-diplomes\/\" target=\"_self\"  class=\"edgtf-btn edgtf-btn-medium edgtf-btn-simple edgtf-blog-list-button\" data-move=\"strict\" data-text=\"en savoir +\" >    <span class=\"edgtf-btn-text\">en savoir +<\/span>    <\/a>\t<\/div>\n\t        <\/div>\n        <\/div>\n\t<\/div>\n<\/li><li class=\"edgtf-bl-item edgtf-item-space blogLister7\">\n\t<div class=\"edgtf-bli-inner\">\n\t\t\n\t<div class=\"edgtf-post-image\">\n\t\t\t\t\t<a itemprop=\"url\" href=\"https:\/\/www.sp.k12.tr\/fr\/ceremonie-de-remise-des-carnets-4\/\" title=\"C\u00e9r\u00e9monie de remise des carnets\">\n\t\t\t\t\t<img loading=\"lazy\" decoding=\"async\" width=\"1050\" height=\"700\" src=\"https:\/\/www.sp.k12.tr\/wp-content\/uploads\/2023\/06\/23_06_23_KarneToreni-60.jpg\" class=\"attachment-full size-full wp-post-image\" alt=\"\" srcset=\"https:\/\/www.sp.k12.tr\/wp-content\/uploads\/2023\/06\/23_06_23_KarneToreni-60.jpg 1050w, https:\/\/www.sp.k12.tr\/wp-content\/uploads\/2023\/06\/23_06_23_KarneToreni-60-300x200.jpg 300w, https:\/\/www.sp.k12.tr\/wp-content\/uploads\/2023\/06\/23_06_23_KarneToreni-60-1024x683.jpg 1024w, https:\/\/www.sp.k12.tr\/wp-content\/uploads\/2023\/06\/23_06_23_KarneToreni-60-768x512.jpg 768w\" sizes=\"(max-width: 1050px) 100vw, 1050px\" \/>\t\t\t\t\t<\/a>\n\t\t\t\t\t<\/div>\n        <div class=\"edgtf-bli-content\">\n                            <div class=\"edgtf-bli-info\">\n\t                <div class=\"edgtf-post-info-category\">\n    <a href=\"https:\/\/www.sp.k12.tr\/fr\/category\/ceremonies-et-histoire\/\" rel=\"category tag\">c\u00e9r\u00e9monies et histoire<\/a>, <a href=\"https:\/\/www.sp.k12.tr\/fr\/category\/slayt\/\" rel=\"category tag\">slaytfr<\/a><\/div>                <\/div>\n            \t\n\t        \n<h3 itemprop=\"name\" class=\"entry-title edgtf-post-title\" >\n            <a itemprop=\"url\" href=\"https:\/\/www.sp.k12.tr\/fr\/ceremonie-de-remise-des-carnets-4\/\" title=\"C\u00e9r\u00e9monie de remise des carnets\">\n            C\u00e9r\u00e9monie de remise des carnets            <\/a>\n    <\/h3>\t\n\t        <div class=\"edgtf-bli-excerpt\">\n\t\t        La traditionnelle remise des carnets de fin d'ann\u00e9e s'est d\u00e9roul\u00e9e ce vendredi 23 juin sous un beau soleil d'\u00e9t\u00e9. L'ensemble des \u00e9l\u00e8ves et des professeurs \u00e9taient r\u00e9unis dans la cour du lyc\u00e9e pour partager ce dernier temps fort de l'ann\u00e9e scolaire.\t\t        \t<div class=\"edgtf-post-read-more-button\">\n\t\t<a itemprop=\"url\" href=\"https:\/\/www.sp.k12.tr\/fr\/ceremonie-de-remise-des-carnets-4\/\" target=\"_self\"  class=\"edgtf-btn edgtf-btn-medium edgtf-btn-simple edgtf-blog-list-button\" data-move=\"strict\" data-text=\"en savoir +\" >    <span class=\"edgtf-btn-text\">en savoir +<\/span>    <\/a>\t<\/div>\n\t        <\/div>\n        <\/div>\n\t<\/div>\n<\/li><li class=\"edgtf-bl-item edgtf-item-space blogLister8\">\n\t<div class=\"edgtf-bli-inner\">\n\t\t\n\t<div class=\"edgtf-post-image\">\n\t\t\t\t\t<a itemprop=\"url\" href=\"https:\/\/www.sp.k12.tr\/fr\/les-grandes-retrouvailles-du-peynir-gunu-2023\/\" title=\"Les grandes retrouvailles du \u00ab\u00a0Peynir G\u00fcn\u00fc\u00a0\u00bb 2023\">\n\t\t\t\t\t<img loading=\"lazy\" decoding=\"async\" width=\"1050\" height=\"700\" src=\"https:\/\/www.sp.k12.tr\/wp-content\/uploads\/2023\/06\/23_06_03_PeynirGunu-33.jpg\" class=\"attachment-full size-full wp-post-image\" alt=\"\" srcset=\"https:\/\/www.sp.k12.tr\/wp-content\/uploads\/2023\/06\/23_06_03_PeynirGunu-33.jpg 1050w, https:\/\/www.sp.k12.tr\/wp-content\/uploads\/2023\/06\/23_06_03_PeynirGunu-33-300x200.jpg 300w, https:\/\/www.sp.k12.tr\/wp-content\/uploads\/2023\/06\/23_06_03_PeynirGunu-33-1024x683.jpg 1024w, https:\/\/www.sp.k12.tr\/wp-content\/uploads\/2023\/06\/23_06_03_PeynirGunu-33-768x512.jpg 768w\" sizes=\"(max-width: 1050px) 100vw, 1050px\" \/>\t\t\t\t\t<\/a>\n\t\t\t\t\t<\/div>\n        <div class=\"edgtf-bli-content\">\n                            <div class=\"edgtf-bli-info\">\n\t                <div class=\"edgtf-post-info-category\">\n    <a href=\"https:\/\/www.sp.k12.tr\/fr\/category\/ceremonies-et-histoire\/\" rel=\"category tag\">c\u00e9r\u00e9monies et histoire<\/a>, <a href=\"https:\/\/www.sp.k12.tr\/fr\/category\/slayt\/\" rel=\"category tag\">slaytfr<\/a><\/div>                <\/div>\n            \t\n\t        \n<h3 itemprop=\"name\" class=\"entry-title edgtf-post-title\" >\n            <a itemprop=\"url\" href=\"https:\/\/www.sp.k12.tr\/fr\/les-grandes-retrouvailles-du-peynir-gunu-2023\/\" title=\"Les grandes retrouvailles du \u00ab\u00a0Peynir G\u00fcn\u00fc\u00a0\u00bb 2023\">\n            Les grandes retrouvailles du \u00ab\u00a0Peynir G\u00fcn\u00fc\u00a0\u00bb 2023            <\/a>\n    <\/h3>\t\n\t        <div class=\"edgtf-bli-excerpt\">\n\t\t        Comme chaque ann\u00e9e, nous avons retrouv\u00e9 avec \u00e9motion nos anciens \u00e9l\u00e8ves \u00e0 l'occasion de la journ\u00e9e du fromage \"Peynir G\u00fcn\u00fc\". Tous se sont r\u00e9unis dans la cour principale c\u00e9l\u00e9brer la journ\u00e9e. Le nombre croissant d'anciens pr\u00e9sents chaque ann\u00e9e montre l'attachement des dipl\u00f4m\u00e9s \u00e0 leur lyc\u00e9e, malgr\u00e9 les ann\u00e9es qui passent...\t\t        \t<div class=\"edgtf-post-read-more-button\">\n\t\t<a itemprop=\"url\" href=\"https:\/\/www.sp.k12.tr\/fr\/les-grandes-retrouvailles-du-peynir-gunu-2023\/\" target=\"_self\"  class=\"edgtf-btn edgtf-btn-medium edgtf-btn-simple edgtf-blog-list-button\" data-move=\"strict\" data-text=\"en savoir +\" >    <span class=\"edgtf-btn-text\">en savoir +<\/span>    <\/a>\t<\/div>\n\t        <\/div>\n        <\/div>\n\t<\/div>\n<\/li>\t\t<\/ul>\n\t<\/div>\n\t\t<div class=\"edgtf-blog-pag-loading\">\n\t\t<div class=\"edgtf-blog-pag-bounce1\"><\/div>\n\t\t<div class=\"edgtf-blog-pag-bounce2\"><\/div>\n\t\t<div class=\"edgtf-blog-pag-bounce3\"><\/div>\n\t<\/div>\n\t<div class=\"edgtf-blog-pag-load-more\">\n\t\t<a itemprop=\"url\" href=\"#\" target=\"_self\"  class=\"edgtf-btn edgtf-btn-medium edgtf-btn-solid\" data-move=\"strict\" data-text=\"Charger Plus\" >    <span class=\"edgtf-btn-text\">Charger Plus<\/span>    <\/a>\t<\/div>\n<input type=\"hidden\" id=\"qodef_blog_load_more_nonce_5019\" name=\"qodef_blog_load_more_nonce_5019\" value=\"c35c8abeb5\" \/><input type=\"hidden\" name=\"_wp_http_referer\" value=\"\/fr\/wp-json\/wp\/v2\/pages\/35929\" \/><\/div>[\/vc_column][\/vc_row][\/vc_section]<\/p>\n","protected":false},"excerpt":{"rendered":"<p>[vc_row el_class=\u00a0\u00bbmakaleButtons\u00a0\u00bb css=\u00a0\u00bb.vc_custom_1598510313114{margin-bottom: 40px !important;}\u00a0\u00bb][vc_column][\/vc_column][\/vc_row][vc_section el_class=\u00a0\u00bbhomeContainer\u00a0\u00bb css=\u00a0\u00bb.vc_custom_1598510331649{padding-top: 40px !important;}\u00a0\u00bb][vc_row el_class=\u00a0\u00bbhaberCont\u00a0\u00bb][vc_column][\/vc_column][\/vc_row][\/vc_section]<\/p>\n","protected":false},"author":1,"featured_media":33491,"parent":34205,"menu_order":0,"comment_status":"closed","ping_status":"closed","template":"","meta":{"_monsterinsights_skip_tracking":false,"_monsterinsights_sitenote_active":false,"_monsterinsights_sitenote_note":"","_monsterinsights_sitenote_category":0,"footnotes":""},"categories":[],"tags":[],"class_list":["post-35929","page","type-page","status-publish","has-post-thumbnail","hentry"],"_links":{"self":[{"href":"https:\/\/www.sp.k12.tr\/fr\/wp-json\/wp\/v2\/pages\/35929","targetHints":{"allow":["GET"]}}],"collection":[{"href":"https:\/\/www.sp.k12.tr\/fr\/wp-json\/wp\/v2\/pages"}],"about":[{"href":"https:\/\/www.sp.k12.tr\/fr\/wp-json\/wp\/v2\/types\/page"}],"author":[{"embeddable":true,"href":"https:\/\/www.sp.k12.tr\/fr\/wp-json\/wp\/v2\/users\/1"}],"replies":[{"embeddable":true,"href":"https:\/\/www.sp.k12.tr\/fr\/wp-json\/wp\/v2\/comments?post=35929"}],"version-history":[{"count":0,"href":"https:\/\/www.sp.k12.tr\/fr\/wp-json\/wp\/v2\/pages\/35929\/revisions"}],"up":[{"embeddable":true,"href":"https:\/\/www.sp.k12.tr\/fr\/wp-json\/wp\/v2\/pages\/34205"}],"wp:featuredmedia":[{"embeddable":true,"href":"https:\/\/www.sp.k12.tr\/fr\/wp-json\/wp\/v2\/media\/33491"}],"wp:attachment":[{"href":"https:\/\/www.sp.k12.tr\/fr\/wp-json\/wp\/v2\/media?parent=35929"}],"wp:term":[{"taxonomy":"category","embeddable":true,"href":"https:\/\/www.sp.k12.tr\/fr\/wp-json\/wp\/v2\/categories?post=35929"},{"taxonomy":"post_tag","embeddable":true,"href":"https:\/\/www.sp.k12.tr\/fr\/wp-json\/wp\/v2\/tags?post=35929"}],"curies":[{"name":"wp","href":"https:\/\/api.w.org\/{rel}","templated":true}]}}